{"id":13,"date":"2026-01-07T11:06:43","date_gmt":"2026-01-07T11:06:43","guid":{"rendered":"https:\/\/lacontestana.com\/?page_id=13"},"modified":"2026-04-21T10:59:29","modified_gmt":"2026-04-21T10:59:29","slug":"cursos","status":"publish","type":"page","link":"https:\/\/lacontestana.com\/ar\/cursos\/","title":{"rendered":"\u0627\u0644\u062f\u0648\u0631\u0627\u062a"},"content":{"rendered":"<p>[et_pb_section fb_built=\u00bb1&#8243; next_background_color=\u00bb#3d2b99&#8243; admin_label=\u00bbHero\u00bb _builder_version=\u00bb4.24.3&#8243; _module_preset=\u00bb_module_preset=\u00bb background_image=\u00bbhttps:\/\/images.unsplash.com\/photo-1630406144797-821be1f35d75?ixid=M3w1ODkyNzF8MHwxfHNlYXJjaHwyfHxkcml2aW5nJTIwbGVzc29ufGVufDB8MHx8fDE3Njc3ODM5MDJ8MA&#038;ixlib=rb-4.1.0&#038;fm=webp&#038;fit=crop&#038;crop=entropy&#038;w=1920&#038;h=1080&#038;q=20&#038;dpr=2&#8243; custom_padding=\u00bb8vw||3vw||false|false\u00bb bottom_divider_style=\u00bbslant\u00bb bottom_divider_height=\u00bb10vw\u00bb bottom_divider_flip=\u00bbhorizontal\u00bb locked=\u00bboff\u00bb collapsed=\u00bbon\u00bb global_colors_info=\u00bb{}\u00bb][et_pb_row column_structure=\u00bb1_2,1_2&#8243; _builder_version=\u00bb4.18.0&#8243; _module_preset=\u00bb5138c454-be54-4233-bd3b-f8e6a8747976&#8243; locked=\u00bboff\u00bb global_colors_info=\u00bb{}\u00bb][et_pb_column type=\u00bb1_2&#8243; _builder_version=\u00bb4.16&#8243; _module_preset=\u00bb73121f80-a3ef-4484-8763-c3f18e3c56d2&#8243; global_colors_info=\u00bb{}\u00bb][et_pb_heading title=\u00bbDescubre Nuestros Cursos\u00bb _builder_version=\u00bb4.24.2&#8243; _module_preset=\u00bbf0c675ea-2574-4d0e-b725-30f8550a8550&#8243; title_text_color=\u00bb#FFFFFF\u00bb locked=\u00bboff\u00bb global_colors_info=\u00bb{}\u00bb][\/et_pb_heading][et_pb_heading title=\u00bbAprende a Conducir con los Expertos\u00bb _builder_version=\u00bb4.24.2&#8243; _module_preset=\u00bbddeb8c09-9078-4424-bc15-2efb6572e28e\u00bb title_text_color=\u00bb#FFFFFF\u00bb locked=\u00bboff\u00bb global_colors_info=\u00bb{}\u00bb][\/et_pb_heading][et_pb_text _builder_version=\u00bb4.24.2&#8243; _module_preset=\u00bb0504de1e-f5ff-4281-ba60-cbbe4edf98bc\u00bb locked=\u00bboff\u00bb global_colors_info=\u00bb{}\u00bb]<\/p>\n<p>Con m\u00e1s de 30 a\u00f1os de experiencia, te ofrecemos una formaci\u00f3n de calidad para que obtengas tu permiso de conducir de manera segura y eficiente.<\/p>\n<p>[\/et_pb_text][et_pb_button button_url=\u00bb#cursos\u00bb button_text=\u00bbVer Cursos\u00bb _builder_version=\u00bb4.27.6&#8243; _module_preset=\u00bbab15fb74-61a3-43aa-96b3-41e09aeef654&#8243; locked=\u00bboff\u00bb global_colors_info=\u00bb{}\u00bb][\/et_pb_button][\/et_pb_column][et_pb_column type=\u00bb1_2&#8243; _builder_version=\u00bb4.16&#8243; _module_preset=\u00bb73121f80-a3ef-4484-8763-c3f18e3c56d2&#8243; global_colors_info=\u00bb{}\u00bb][et_pb_image src=\u00bbhttps:\/\/lacontestana.com\/wp-content\/uploads\/2026\/04\/Gemini_Generated_Image_r5syszr5syszr5sy.png\u00bb title_text=\u00bbGemini_Generated_Image_r5syszr5syszr5sy\u00bb _builder_version=\u00bb4.27.5&#8243; _module_preset=\u00bb1cc6152f-565c-4c4d-b0c9-cf8c9576c341&#8243; box_shadow_style=\u00bbpreset4&#8243; box_shadow_horizontal=\u00bb0px\u00bb box_shadow_vertical=\u00bb24px\u00bb box_shadow_blur=\u00bb72px\u00bb box_shadow_spread=\u00bb-12px\u00bb locked=\u00bboff\u00bb global_colors_info=\u00bb{}\u00bb][\/et_pb_image][\/et_pb_column][\/et_pb_row][\/et_pb_section][et_pb_section fb_built=\u00bb1&#8243; admin_label=\u00bbText &#038; Image\u00bb _builder_version=\u00bb4.27.6&#8243; _module_preset=\u00bbdefault\u00bb background_color=\u00bb#3d2b99&#8243; use_background_color_gradient=\u00bbon\u00bb background_color_gradient_stops=\u00bbgcid-primary-color 49%|#ffffff 100%\u00bb background_image=\u00bbhttps:\/\/lacontestana.com\/wp-content\/uploads\/2026\/04\/fundae-1024&#215;724-1.png\u00bb background_size=\u00bbcontain\u00bb custom_padding=\u00bb18px|||||\u00bb locked=\u00bboff\u00bb collapsed=\u00bbon\u00bb global_colors_info=\u00bb{%22gcid-primary-color%22:%91%22background_color_gradient_stops%22%93}\u00bb][et_pb_row _builder_version=\u00bb4.27.6&#8243; _module_preset=\u00bb5138c454-be54-4233-bd3b-f8e6a8747976&#8243; max_width=\u00bb1195px\u00bb global_colors_info=\u00bb{}\u00bb][et_pb_column type=\u00bb4_4&#8243; _builder_version=\u00bb4.18.0&#8243; _module_preset=\u00bb73121f80-a3ef-4484-8763-c3f18e3c56d2&#8243; global_colors_info=\u00bb{}\u00bb][et_pb_heading title=\u00bbCursos Subvencionados para Empresas\u00bb _builder_version=\u00bb4.27.6&#8243; _module_preset=\u00bbc33f07d9-41e0-421a-8799-5799df695cce\u00bb title_font=\u00bbSyne|Syne_weight|||||||\u00bb title_text_align=\u00bbcenter\u00bb title_text_color=\u00bb#000000&#8243; title_font_size=\u00bb72px\u00bb locked=\u00bboff\u00bb global_colors_info=\u00bb{}\u00bb][\/et_pb_heading][et_pb_text _builder_version=\u00bb4.27.6&#8243; _module_preset=\u00bb2c55a9c4-feed-423b-9edb-ae0b5b365cac\u00bb text_font=\u00bbInter|Inter_weight|||||||\u00bb text_text_color=\u00bb#FFFFFF\u00bb text_font_size=\u00bb18px\u00bb link_font=\u00bb|Inter_weight|||||||\u00bb link_text_color=\u00bb#03045e\u00bb quote_font=\u00bbSyne|Syne_weight|||||||\u00bb header_font=\u00bbSyne|Syne_weight|||||||\u00bb header_2_font=\u00bbSyne|Syne_weight|||||||\u00bb header_3_font=\u00bbSyne|Syne_weight|||||||\u00bb header_4_font=\u00bbSyne|Syne_weight|||||||\u00bb header_5_font=\u00bbSyne|Syne_weight|||||||\u00bb header_6_font=\u00bbSyne|Syne_weight|||||||\u00bb text_orientation=\u00bbcenter\u00bb text_text_shadow_style=\u00bbpreset1&#8243; global_colors_info=\u00bb{%22gcid-primary-color%22:%91%22link_text_color%22%93,%22gcid-heading-color%22:%91%22header_text_color%22,%22header_4_text_color%22,%22header_3_text_color%22,%22header_2_text_color%22,%22header_5_text_color%22,%22header_6_text_color%22,%22quote_text_color%22%93,%22gcid-secondary-color%22:%91%22quote_border_color%22%93}\u00bb]<\/p>\n<p>En La Contestana, ofrecemos cursos subvencionados para empresas a trav\u00e9s de FUNDAE o mediante los cr\u00e9ditos formativos de las empresas. Estos cursos est\u00e1n dise\u00f1ados para mejorar las habilidades de tu equipo, asegurando que tu empresa se mantenga competitiva en el mercado actual. Aprovecha esta oportunidad para invertir en el desarrollo profesional de tus empleados y conducir el futuro de tu negocio hacia el \u00e9xito.<\/p>\n<p>[\/et_pb_text][\/et_pb_column][\/et_pb_row][et_pb_row column_structure=\u00bb1_3,1_3,1_3&#8243; _builder_version=\u00bb4.27.6&#8243; _module_preset=\u00bb5138c454-be54-4233-bd3b-f8e6a8747976&#8243; global_colors_info=\u00bb{}\u00bb][et_pb_column type=\u00bb1_3&#8243; _builder_version=\u00bb4.18.0&#8243; _module_preset=\u00bb73121f80-a3ef-4484-8763-c3f18e3c56d2&#8243; global_colors_info=\u00bb{}\u00bb][et_pb_image src=\u00bbhttps:\/\/images.unsplash.com\/photo-1686771416282-3888ddaf249b?ixid=M3w1ODkyNzF8MHwxfHNlYXJjaHw0fHxidXNpbmVzcyUyMG1lZXRpbmd8ZW58MHwwfHx8MTc3NjcyMTYxOHww&#038;ixlib=rb-4.1.0&#038;fm=webp&#038;fit=crop&#038;crop=entropy&#038;w=1080&#038;h=600&#038;q=20&#038;dpr=2&#8243; title_text=\u00bb1080&#215;600&#8243; _builder_version=\u00bb4.25.2&#8243; _module_preset=\u00bb8249bb47-7bda-4c77-8a37-2a958f7a9826&#8243; locked=\u00bboff\u00bb global_colors_info=\u00bb{}\u00bb][\/et_pb_image][\/et_pb_column][et_pb_column type=\u00bb1_3&#8243; _builder_version=\u00bb4.18.0&#8243; _module_preset=\u00bb73121f80-a3ef-4484-8763-c3f18e3c56d2&#8243; global_colors_info=\u00bb{}\u00bb][et_pb_image src=\u00bbhttps:\/\/images.unsplash.com\/photo-1522071820081-009f0129c71c?ixid=M3w1ODkyNzF8MHwxfHNlYXJjaHwxfHx0ZWFtJTIwY29sbGFib3JhdGlvbnxlbnwwfDB8fHwxNzc2NzM1MzE2fDA&#038;ixlib=rb-4.1.0&#038;fm=webp&#038;fit=crop&#038;crop=entropy&#038;w=1080&#038;h=600&#038;q=20&#038;dpr=2&#8243; title_text=\u00bb1080&#215;600&#8243; _builder_version=\u00bb4.25.2&#8243; _module_preset=\u00bb8249bb47-7bda-4c77-8a37-2a958f7a9826&#8243; locked=\u00bboff\u00bb global_colors_info=\u00bb{}\u00bb][\/et_pb_image][et_pb_divider show_divider=\u00bboff\u00bb _builder_version=\u00bb4.27.6&#8243; _module_preset=\u00bbdefault\u00bb min_height=\u00bb50px\u00bb global_colors_info=\u00bb{}\u00bb][\/et_pb_divider][\/et_pb_column][et_pb_column type=\u00bb1_3&#8243; _builder_version=\u00bb4.18.0&#8243; _module_preset=\u00bb73121f80-a3ef-4484-8763-c3f18e3c56d2&#8243; global_colors_info=\u00bb{}\u00bb][et_pb_image src=\u00bbhttps:\/\/images.unsplash.com\/photo-1769614469134-139f45a469f3?ixid=M3w1ODkyNzF8MHwxfHNlYXJjaHw1fHxwcm9mZXNzaW9uYWwlMjB0cmFpbmluZ3xlbnwwfDB8fHwxNzc2NzU5MDcyfDA&#038;ixlib=rb-4.1.0&#038;fm=webp&#038;fit=crop&#038;crop=entropy&#038;w=1080&#038;h=600&#038;q=20&#038;dpr=2&#8243; title_text=\u00bb1080&#215;600&#8243; _builder_version=\u00bb4.25.2&#8243; _module_preset=\u00bb8249bb47-7bda-4c77-8a37-2a958f7a9826&#8243; locked=\u00bboff\u00bb global_colors_info=\u00bb{}\u00bb][\/et_pb_image][\/et_pb_column][\/et_pb_row][\/et_pb_section][et_pb_section fb_built=\u00bb1&#8243; admin_label=\u00bbProduct Roadmap\u00bb _builder_version=\u00bb4.27.5&#8243; _module_preset=\u00bbdefault\u00bb background_color=\u00bbRGBA(255,255,255,0)\u00bb global_colors_info=\u00bb{}\u00bb][et_pb_row _builder_version=\u00bb4.24.3&#8243; _module_preset=\u00bbdefault\u00bb global_colors_info=\u00bb{}\u00bb][et_pb_column type=\u00bb4_4&#8243; _builder_version=\u00bb4.24.3&#8243; _module_preset=\u00bbdefault\u00bb global_colors_info=\u00bb{}\u00bb][et_pb_heading title=\u00bbNuestros Valores\u00bb _builder_version=\u00bb4.24.3&#8243; _module_preset=\u00bbc33f07d9-41e0-421a-8799-5799df695cce\u00bb global_colors_info=\u00bb{}\u00bb][\/et_pb_heading][et_pb_text _builder_version=\u00bb4.24.3&#8243; _module_preset=\u00bb2c55a9c4-feed-423b-9edb-ae0b5b365cac\u00bb global_colors_info=\u00bb{}\u00bb]<\/p>\n<p>En La Contestana Monje, nos comprometemos a ofrecer una ense\u00f1anza de calidad basada en la confianza y la experiencia. Contamos con m\u00e1s de 10,000 alumnos formados y un \u00edndice de aprobados del 95%.<\/p>\n<p>[\/et_pb_text][\/et_pb_column][\/et_pb_row][et_pb_row column_structure=\u00bb3_4,1_4&#8243; _builder_version=\u00bb4.24.3&#8243; _module_preset=\u00bbdefault\u00bb border_width_left=\u00bb2px\u00bb border_color_left=\u00bbgcid-primary-color\u00bb global_colors_info=\u00bb{%22gcid-primary-color%22:%91%22border_color_left%22%93}\u00bb][et_pb_column type=\u00bb3_4&#8243; _builder_version=\u00bb4.24.3&#8243; _module_preset=\u00bbdefault\u00bb global_colors_info=\u00bb{}\u00bb][et_pb_blurb title=\u00bbExperiencia\u00bb use_icon=\u00bbon\u00bb font_icon=\u00bb&#xf200;||fa||900&#8243; image_icon_width=\u00bb24px\u00bb _builder_version=\u00bb4.24.3&#8243; _module_preset=\u00bb65059203-12d3-44f6-8371-3f5cf61a0475&#8243; custom_margin=\u00bb|||-13px|false|false\u00bb global_colors_info=\u00bb{}\u00bb]<\/p>\n<p>M\u00e1s de 30 a\u00f1os formando conductores seguros y responsables.<\/p>\n<p>[\/et_pb_blurb][\/et_pb_column][et_pb_column type=\u00bb1_4&#8243; _builder_version=\u00bb4.24.3&#8243; _module_preset=\u00bbdefault\u00bb global_colors_info=\u00bb{}\u00bb][et_pb_text module_class=\u00bbai_ignore_all\u00bb _builder_version=\u00bb4.24.3&#8243; _module_preset=\u00bb2c55a9c4-feed-423b-9edb-ae0b5b365cac\u00bb text_orientation=\u00bbright\u00bb global_colors_info=\u00bb{}\u00bb]<\/p>\n<p>Desde 1990<\/p>\n<p>[\/et_pb_text][\/et_pb_column][\/et_pb_row][et_pb_row column_structure=\u00bb3_4,1_4&#8243; _builder_version=\u00bb4.24.3&#8243; _module_preset=\u00bbdefault\u00bb border_width_left=\u00bb2px\u00bb border_color_left=\u00bbgcid-primary-color\u00bb global_colors_info=\u00bb{%22gcid-primary-color%22:%91%22border_color_left%22%93}\u00bb][et_pb_column type=\u00bb3_4&#8243; _builder_version=\u00bb4.24.3&#8243; _module_preset=\u00bbdefault\u00bb global_colors_info=\u00bb{}\u00bb][et_pb_blurb title=\u00bbConfianza\u00bb use_icon=\u00bbon\u00bb font_icon=\u00bb&#xf111;||fa||900&#8243; image_icon_width=\u00bb24px\u00bb _builder_version=\u00bb4.24.3&#8243; _module_preset=\u00bb65059203-12d3-44f6-8371-3f5cf61a0475&#8243; custom_margin=\u00bb|||-13px|false|false\u00bb global_colors_info=\u00bb{}\u00bb]<\/p>\n<p>10,000+ alumnos satisfechos que han obtenido su permiso.<\/p>\n<p>[\/et_pb_blurb][\/et_pb_column][et_pb_column type=\u00bb1_4&#8243; _builder_version=\u00bb4.24.3&#8243; _module_preset=\u00bbdefault\u00bb global_colors_info=\u00bb{}\u00bb][et_pb_text module_class=\u00bbai_ignore_all\u00bb _builder_version=\u00bb4.24.3&#8243; _module_preset=\u00bb2c55a9c4-feed-423b-9edb-ae0b5b365cac\u00bb text_orientation=\u00bbright\u00bb global_colors_info=\u00bb{}\u00bb]<\/p>\n<p>2026<\/p>\n<p>[\/et_pb_text][\/et_pb_column][\/et_pb_row][et_pb_row column_structure=\u00bb3_4,1_4&#8243; _builder_version=\u00bb4.24.3&#8243; _module_preset=\u00bbdefault\u00bb border_width_left=\u00bb2px\u00bb border_color_left=\u00bbgcid-primary-color\u00bb global_colors_info=\u00bb{%22gcid-primary-color%22:%91%22border_color_left%22%93}\u00bb][et_pb_column type=\u00bb3_4&#8243; _builder_version=\u00bb4.24.3&#8243; _module_preset=\u00bbdefault\u00bb global_colors_info=\u00bb{}\u00bb][et_pb_blurb title=\u00bbResultados\u00bb use_icon=\u00bbon\u00bb font_icon=\u00bb&#xf111;||fa||900&#8243; image_icon_width=\u00bb24px\u00bb _builder_version=\u00bb4.24.3&#8243; _module_preset=\u00bb65059203-12d3-44f6-8371-3f5cf61a0475&#8243; custom_margin=\u00bb|||-13px|false|false\u00bb global_colors_info=\u00bb{}\u00bb]<\/p>\n<p>95% de aprobados en el primer intento.<\/p>\n<p>[\/et_pb_blurb][\/et_pb_column][et_pb_column type=\u00bb1_4&#8243; _builder_version=\u00bb4.24.3&#8243; _module_preset=\u00bbdefault\u00bb global_colors_info=\u00bb{}\u00bb][et_pb_text module_class=\u00bbai_ignore_all\u00bb _builder_version=\u00bb4.24.3&#8243; _module_preset=\u00bb2c55a9c4-feed-423b-9edb-ae0b5b365cac\u00bb text_orientation=\u00bbright\u00bb global_colors_info=\u00bb{}\u00bb]<\/p>\n<p>Actualizado anualmente<\/p>\n<p>[\/et_pb_text][\/et_pb_column][\/et_pb_row][et_pb_row column_structure=\u00bb3_4,1_4&#8243; _builder_version=\u00bb4.24.3&#8243; _module_preset=\u00bbdefault\u00bb border_width_left=\u00bb2px\u00bb border_color_left=\u00bbgcid-primary-color\u00bb global_colors_info=\u00bb{%22gcid-primary-color%22:%91%22border_color_left%22%93}\u00bb][et_pb_column type=\u00bb3_4&#8243; _builder_version=\u00bb4.24.3&#8243; _module_preset=\u00bbdefault\u00bb global_colors_info=\u00bb{}\u00bb][et_pb_blurb title=\u00bbInnovaci\u00f3n\u00bb use_icon=\u00bbon\u00bb font_icon=\u00bb&#xf111;||fa||900&#8243; image_icon_width=\u00bb24px\u00bb _builder_version=\u00bb4.24.3&#8243; _module_preset=\u00bb65059203-12d3-44f6-8371-3f5cf61a0475&#8243; custom_margin=\u00bb|||-13px|false|false\u00bb global_colors_info=\u00bb{}\u00bb]<\/p>\n<p>Incorporamos las \u00faltimas tecnolog\u00edas para una ense\u00f1anza moderna y eficaz.<\/p>\n<p>[\/et_pb_blurb][\/et_pb_column][et_pb_column type=\u00bb1_4&#8243; _builder_version=\u00bb4.24.3&#8243; _module_preset=\u00bbdefault\u00bb global_colors_info=\u00bb{}\u00bb][et_pb_text module_class=\u00bbai_ignore_all\u00bb _builder_version=\u00bb4.24.3&#8243; _module_preset=\u00bb2c55a9c4-feed-423b-9edb-ae0b5b365cac\u00bb text_orientation=\u00bbright\u00bb global_colors_info=\u00bb{}\u00bb]<\/p>\n<p>En constante evoluci\u00f3n<\/p>\n<p>[\/et_pb_text][\/et_pb_column][\/et_pb_row][\/et_pb_section][et_pb_section fb_built=\u00bb1&#8243; admin_label=\u00bbOnline Courses\u00bb module_id=\u00bbcursos\u00bb module_class=\u00bbcursos\u00bb _builder_version=\u00bb4.27.6&#8243; _module_preset=\u00bb_initial\u00bb background_color=\u00bbgcid-primary-color\u00bb locked=\u00bboff\u00bb collapsed=\u00bbon\u00bb global_colors_info=\u00bb{%22gcid-36fd78a7-34bc-404d-873c-dafa34efaae5%22:%91%22colorStart%22%93,%22gcid-primary-color%22:%91%22background_color%22%93}\u00bb][et_pb_row _builder_version=\u00bb4.18.0&#8243; _module_preset=\u00bb5138c454-be54-4233-bd3b-f8e6a8747976&#8243; global_colors_info=\u00bb{}\u00bb][et_pb_column type=\u00bb4_4&#8243; _builder_version=\u00bb4.16&#8243; _module_preset=\u00bb73121f80-a3ef-4484-8763-c3f18e3c56d2&#8243; global_colors_info=\u00bb{}\u00bb][et_pb_heading title=\u00bbExplora Nuestros Cursos\u00bb _builder_version=\u00bb4.27.5&#8243; _module_preset=\u00bbc33f07d9-41e0-421a-8799-5799df695cce\u00bb title_font=\u00bbSyne|Syne_weight|||||||\u00bb title_text_align=\u00bbcenter\u00bb title_text_color=\u00bb#FFFFFF\u00bb locked=\u00bboff\u00bb global_colors_info=\u00bb{}\u00bb][\/et_pb_heading][\/et_pb_column][\/et_pb_row][et_pb_row column_structure=\u00bb1_3,1_3,1_3&#8243; _builder_version=\u00bb4.27.5&#8243; _module_preset=\u00bb5138c454-be54-4233-bd3b-f8e6a8747976&#8243; max_width=\u00bb2560px\u00bb global_colors_info=\u00bb{}\u00bb][et_pb_column type=\u00bb1_3&#8243; _builder_version=\u00bb4.24.3&#8243; _module_preset=\u00bb50607da8-57bc-4d4b-aaef-f02e41c2cc4a\u00bb background_color=\u00bb#ffffff\u00bb custom_padding_phone=\u00bb20px|20px|20px|20px|true|true\u00bb custom_padding_last_edited=\u00bboff|desktop\u00bb global_colors_info=\u00bb{%22gcid-7cadd8b3-5228-48e4-90c4-212d09232f7b%22:%91%22color%22%93}\u00bb][et_pb_blurb title=\u00bbCurso Carretilla\u00bb image=\u00bbhttps:\/\/lacontestana.com\/wp-content\/uploads\/2026\/04\/0-e2b8c81d-4ea6-4fc3-b90e-17f00f835bdf-616&#215;552.jpg\u00bb _builder_version=\u00bb4.27.6&#8243; _module_preset=\u00bb203c76fc-aee0-4484-9be1-f0e2ebd81a8f\u00bb header_font=\u00bbSyne|Syne_weight|||||||\u00bb header_text_color=\u00bbgcid-primary-color\u00bb header_font_size=\u00bb24px\u00bb body_font=\u00bbInter|Inter_weight|||||||\u00bb body_link_text_color=\u00bb#03045e\u00bb custom_margin=\u00bb||297px|||\u00bb locked=\u00bboff\u00bb global_colors_info=\u00bb{%22gcid-body-color%22:%91%22body_text_color%22%93,%22gcid-primary-color%22:%91%22body_link_text_color%22,%22icon_color%22,%22header_text_color%22%93,%22#03045e%22:%91%22icon_color%22%93}\u00bb]<\/p>\n<div class=\"elementor-element elementor-element-0add99f elementor-widget elementor-widget-heading\" data-id=\"0add99f\" data-element_type=\"widget\" data-widget_type=\"heading.default\">\n<div class=\"elementor-widget-container\">\n<p>Centro homologado para la formaci\u00f3n en manejo y conducci\u00f3n de carretillas elevadoras.<\/p>\n<p>De acuerdo con lo establecido en el RD 1228\/2006 todo trabajador que maneje maquinaria elevadora tendr\u00e1 que estar en posesi\u00f3n de un certificado que acredite que se ha recibido formaci\u00f3n para ello.<\/p>\n<\/div>\n<\/div>\n<p>[\/et_pb_blurb][et_pb_button button_text=\u00bb \u00a1Pide las informaci\u00f3n aqu\u00ed!\u00bb _builder_version=\u00bb4.27.6&#8243; _module_preset=\u00bb1bffc0fc-42a0-49d1-bd9a-ae3ade2d7206&#8243; button_bg_color=\u00bb#03045e\u00bb button_font=\u00bbInter|700|||||||\u00bb button_icon=\u00bb&#xf05a;||fa||900&#8243; locked=\u00bboff\u00bb global_colors_info=\u00bb{%22gcid-36fd78a7-34bc-404d-873c-dafa34efaae5%22:%91%22button_text_color%22%93}\u00bb][\/et_pb_button][\/et_pb_column][et_pb_column type=\u00bb1_3&#8243; _builder_version=\u00bb4.24.3&#8243; _module_preset=\u00bb50607da8-57bc-4d4b-aaef-f02e41c2cc4a\u00bb background_color=\u00bb#ffffff\u00bb custom_padding_phone=\u00bb20px|20px|20px|20px|true|true\u00bb custom_padding_last_edited=\u00bboff|desktop\u00bb global_colors_info=\u00bb{%22gcid-7cadd8b3-5228-48e4-90c4-212d09232f7b%22:%91%22color%22%93}\u00bb][et_pb_blurb title=\u00bbHaz el curso de Plataformas Elevadoras y consigue el t\u00edtulo certificado al instante y el carnet oficial.\u00bb image=\u00bbhttps:\/\/lacontestana.com\/wp-content\/uploads\/2026\/04\/Plataforma-elevadora-1-1.jpg\u00bb _builder_version=\u00bb4.27.6&#8243; _module_preset=\u00bb203c76fc-aee0-4484-9be1-f0e2ebd81a8f\u00bb header_font=\u00bbSyne|Syne_weight|||||||\u00bb header_text_color=\u00bbgcid-primary-color\u00bb header_font_size=\u00bb24px\u00bb body_font=\u00bbInter|Inter_weight|||||||\u00bb body_link_text_color=\u00bb#03045e\u00bb locked=\u00bboff\u00bb global_colors_info=\u00bb{%22gcid-body-color%22:%91%22body_text_color%22%93,%22gcid-primary-color%22:%91%22body_link_text_color%22,%22icon_color%22,%22header_text_color%22%93,%22#03045e%22:%91%22icon_color%22%93}\u00bb]<\/p>\n<div class=\"elementor-element elementor-element-3eacd9e elementor-widget elementor-widget-heading\" data-id=\"3eacd9e\" data-element_type=\"widget\" data-widget_type=\"heading.default\">\n<div class=\"elementor-widget-container\">\n<p class=\"elementor-heading-title elementor-size-default\"><span style=\"font-size: 16px;\">Conforme a la Legislaci\u00f3n Nacional y la CE para trabajar en todas las Comunidades y Provincias de Espa\u00f1a.<\/span><\/p>\n<\/div>\n<\/div>\n<div class=\"elementor-element elementor-element-2b75b3b elementor-align-left elementor-icon-list--layout-traditional elementor-list-item-link-full_width elementor-widget elementor-widget-icon-list\" data-id=\"2b75b3b\" data-element_type=\"widget\" data-widget_type=\"icon-list.default\">\n<div class=\"elementor-widget-container\">\n<p><i class=\"far fa-check-square\" aria-hidden=\"true\"><\/i><span class=\"elementor-icon-list-text\"><b>T\u00edtulo oficial\u00a0<\/b>y<b>\u00a0carnet<\/b>\u00a0de Plataformas Elevadoras<\/span><\/p>\n<p><i class=\"far fa-check-square\" aria-hidden=\"true\"><\/i><span class=\"elementor-icon-list-text\">Habilita maquinaria de\u00a0<b>Grupos A y B Tipo 1, 2 y 3<\/b>.<\/span><\/p>\n<p><i class=\"far fa-check-square\" aria-hidden=\"true\"><\/i><span class=\"elementor-icon-list-text\">V\u00e1lido ante la inspecci\u00f3n laboral y ETT en toda Espa\u00f1a<\/span><\/p>\n<p><i class=\"far fa-check-square\" aria-hidden=\"true\"><\/i><span class=\"elementor-icon-list-text\">Actualizado con la normativa\u00a0<b>COVID-19 (coronavirus)<\/b><\/span><\/p>\n<p><i class=\"far fa-check-square\" aria-hidden=\"true\"><\/i><span class=\"elementor-icon-list-text\"><b>Multisectorial<\/b>\u00a0para diversas actividades laborales.<\/span><\/p>\n<p><i class=\"far fa-check-square\" aria-hidden=\"true\"><\/i><span class=\"elementor-icon-list-text\">Env\u00edo completamente\u00a0<b>gratis y al instante<\/b>.<\/span><\/p>\n<\/div>\n<\/div>\n<p>[\/et_pb_blurb][et_pb_button button_text=\u00bb \u00a1Pide las informaci\u00f3n aqu\u00ed!\u00bb _builder_version=\u00bb4.27.6&#8243; _module_preset=\u00bb1bffc0fc-42a0-49d1-bd9a-ae3ade2d7206&#8243; button_bg_color=\u00bb#03045e\u00bb button_font=\u00bbInter|700|||||||\u00bb button_icon=\u00bb&#xf05a;||fa||900&#8243; locked=\u00bboff\u00bb global_colors_info=\u00bb{%22gcid-36fd78a7-34bc-404d-873c-dafa34efaae5%22:%91%22button_text_color%22%93}\u00bb][\/et_pb_button][\/et_pb_column][et_pb_column type=\u00bb1_3&#8243; _builder_version=\u00bb4.24.3&#8243; _module_preset=\u00bb50607da8-57bc-4d4b-aaef-f02e41c2cc4a\u00bb background_color=\u00bb#ffffff\u00bb custom_padding_phone=\u00bb20px|20px|20px|20px|true|true\u00bb custom_padding_last_edited=\u00bboff|desktop\u00bb global_colors_info=\u00bb{%22gcid-7cadd8b3-5228-48e4-90c4-212d09232f7b%22:%91%22color%22%93}\u00bb][et_pb_blurb title=\u00bbPILOTO DE DRONES\u00bb image=\u00bbhttps:\/\/lacontestana.com\/wp-content\/uploads\/2026\/04\/drones-scaled.jpg\u00bb _builder_version=\u00bb4.27.6&#8243; _module_preset=\u00bb203c76fc-aee0-4484-9be1-f0e2ebd81a8f\u00bb header_font=\u00bbSyne|Syne_weight|||||||\u00bb header_text_color=\u00bbgcid-primary-color\u00bb header_font_size=\u00bb24px\u00bb body_font=\u00bbInter|Inter_weight|||||||\u00bb body_link_text_color=\u00bb#03045e\u00bb custom_margin=\u00bb||374px|||\u00bb locked=\u00bboff\u00bb global_colors_info=\u00bb{%22gcid-body-color%22:%91%22body_text_color%22%93,%22gcid-primary-color%22:%91%22body_link_text_color%22,%22icon_color%22,%22header_text_color%22%93,%22#03045e%22:%91%22icon_color%22%93}\u00bb]<\/p>\n<p>Trabajar como\u00a0<strong>piloto de drones<\/strong>\u00a0puede ser una\u00a0<strong>apasionante profesi\u00f3n<\/strong>, en un sector en evidente alza. Pero seg\u00fan la normativa vigente, para pilotar cualquier Dron\/RPA en territorio espa\u00f1ol, has de realizar una formaci\u00f3n obligatoria te\u00f3rica y pr\u00e1ctica a \ufb01n de cumplir los requisitos exigidos por el Real Decreto 1036\/2017 de 15 de Diciembre de 2017. Las escuelas ATO son las \u00fanicas entidades aprobadas por la ley 18\/2014.<\/p>\n<p>[\/et_pb_blurb][et_pb_button button_text=\u00bb \u00a1Pide las informaci\u00f3n aqu\u00ed!\u00bb _builder_version=\u00bb4.27.6&#8243; _module_preset=\u00bb1bffc0fc-42a0-49d1-bd9a-ae3ade2d7206&#8243; button_bg_color=\u00bb#03045e\u00bb button_font=\u00bbInter|700|||||||\u00bb button_icon=\u00bb&#xf05a;||fa||900&#8243; locked=\u00bboff\u00bb global_colors_info=\u00bb{%22gcid-36fd78a7-34bc-404d-873c-dafa34efaae5%22:%91%22button_text_color%22%93}\u00bb][\/et_pb_button][\/et_pb_column][\/et_pb_row][et_pb_row column_structure=\u00bb1_3,1_3,1_3&#8243; _builder_version=\u00bb4.27.5&#8243; _module_preset=\u00bb5138c454-be54-4233-bd3b-f8e6a8747976&#8243; max_width=\u00bb2560px\u00bb global_colors_info=\u00bb{}\u00bb][et_pb_column type=\u00bb1_3&#8243; _builder_version=\u00bb4.24.3&#8243; _module_preset=\u00bb50607da8-57bc-4d4b-aaef-f02e41c2cc4a\u00bb background_color=\u00bb#ffffff\u00bb custom_padding_phone=\u00bb20px|20px|20px|20px|true|true\u00bb custom_padding_last_edited=\u00bboff|desktop\u00bb global_colors_info=\u00bb{%22gcid-7cadd8b3-5228-48e4-90c4-212d09232f7b%22:%91%22color%22%93}\u00bb][et_pb_blurb title=\u00bbCURSO PUENTE GRUA\u00bb image=\u00bbhttps:\/\/lacontestana.com\/wp-content\/uploads\/2026\/04\/curso-puente-gua-420&#215;349-1.jpg\u00bb icon_alignment=\u00bbcenter\u00bb _builder_version=\u00bb4.27.6&#8243; _module_preset=\u00bb203c76fc-aee0-4484-9be1-f0e2ebd81a8f\u00bb header_font=\u00bbSyne|Syne_weight|||||||\u00bb header_text_color=\u00bbgcid-primary-color\u00bb header_font_size=\u00bb24px\u00bb body_font=\u00bbInter|Inter_weight|||||||\u00bb body_link_text_color=\u00bb#03045e\u00bb custom_margin=\u00bb||87px|||\u00bb locked=\u00bboff\u00bb global_colors_info=\u00bb{%22gcid-body-color%22:%91%22body_text_color%22%93,%22gcid-primary-color%22:%91%22body_link_text_color%22,%22icon_color%22,%22header_text_color%22%93,%22#03045e%22:%91%22icon_color%22%93}\u00bb]<\/p>\n<p>\u00bfTrabajas en el sector industrial y necesitas obtener la acreditaci\u00f3n necesaria para convertirte en operador de puente gr\u00faa?<\/p>\n<p>Si es as\u00ed, en Albali Centros de Formaci\u00f3n podr\u00e1s realizar el curso preparatorio para la obtenci\u00f3n del Carnet Puente de Gr\u00faa, una formaci\u00f3n de car\u00e1cter presencial dise\u00f1ada e impartida por el Albali Centros de Formaci\u00f3n. Contar\u00e1s con una formaci\u00f3n te\u00f3rico-pr\u00e1ctica que te preparar\u00e1 para el manejo de la maquinaria y los conocimientos en seguridad. Adem\u00e1s al finalizar la formaci\u00f3n obtendr\u00e1s el certificado acreditado y carnet para el uso total de la m\u00e1quina.<\/p>\n<p>[\/et_pb_blurb][et_pb_button button_text=\u00bb \u00a1Pide las informaci\u00f3n aqu\u00ed!\u00bb _builder_version=\u00bb4.27.6&#8243; _module_preset=\u00bb1bffc0fc-42a0-49d1-bd9a-ae3ade2d7206&#8243; button_bg_color=\u00bb#03045e\u00bb button_font=\u00bbInter|700|||||||\u00bb button_icon=\u00bb&#xf05a;||fa||900&#8243; locked=\u00bboff\u00bb global_colors_info=\u00bb{%22gcid-36fd78a7-34bc-404d-873c-dafa34efaae5%22:%91%22button_text_color%22%93}\u00bb][\/et_pb_button][\/et_pb_column][et_pb_column type=\u00bb1_3&#8243; _builder_version=\u00bb4.24.3&#8243; _module_preset=\u00bb50607da8-57bc-4d4b-aaef-f02e41c2cc4a\u00bb background_color=\u00bb#ffffff\u00bb custom_padding_phone=\u00bb20px|20px|20px|20px|true|true\u00bb custom_padding_last_edited=\u00bboff|desktop\u00bb global_colors_info=\u00bb{%22gcid-7cadd8b3-5228-48e4-90c4-212d09232f7b%22:%91%22color%22%93}\u00bb][et_pb_blurb title=\u00bbLICENCIA DE NAVEGACI\u00d3N\u00bb image=\u00bbhttps:\/\/lacontestana.com\/wp-content\/uploads\/2026\/04\/curso-licencia-de-navegacion-420&#215;399-1.jpg\u00bb icon_alignment=\u00bbcenter\u00bb _builder_version=\u00bb4.27.6&#8243; _module_preset=\u00bb203c76fc-aee0-4484-9be1-f0e2ebd81a8f\u00bb header_font=\u00bbSyne|Syne_weight|||||||\u00bb header_text_color=\u00bbgcid-primary-color\u00bb header_font_size=\u00bb24px\u00bb body_font=\u00bbInter|Inter_weight|||||||\u00bb body_link_text_color=\u00bb#03045e\u00bb custom_margin=\u00bb||162px|||\u00bb locked=\u00bboff\u00bb global_colors_info=\u00bb{%22gcid-body-color%22:%91%22body_text_color%22%93,%22gcid-primary-color%22:%91%22body_link_text_color%22,%22icon_color%22,%22header_text_color%22%93,%22#03045e%22:%91%22icon_color%22%93}\u00bb]<\/p>\n<h3>Duraci\u00f3n del curso.<\/h3>\n<p>En este curso no hay examen. Consiste en la asistencia y participaci\u00f3n en un curso te\u00f3rico de 2 horas de duraci\u00f3n y de una pr\u00e1ctica b\u00e1sica de seguridad y navegaci\u00f3n con una duraci\u00f3n de al menos 4 horas. En total 6 horas.<\/p>\n<p>[\/et_pb_blurb][et_pb_button button_text=\u00bb \u00a1Pide las informaci\u00f3n aqu\u00ed!\u00bb _builder_version=\u00bb4.27.6&#8243; _module_preset=\u00bb1bffc0fc-42a0-49d1-bd9a-ae3ade2d7206&#8243; button_bg_color=\u00bb#03045e\u00bb button_font=\u00bbInter|700|||||||\u00bb button_icon=\u00bb&#xf05a;||fa||900&#8243; locked=\u00bboff\u00bb global_colors_info=\u00bb{%22gcid-36fd78a7-34bc-404d-873c-dafa34efaae5%22:%91%22button_text_color%22%93}\u00bb][\/et_pb_button][\/et_pb_column][et_pb_column type=\u00bb1_3&#8243; _builder_version=\u00bb4.24.3&#8243; _module_preset=\u00bb50607da8-57bc-4d4b-aaef-f02e41c2cc4a\u00bb background_color=\u00bb#ffffff\u00bb custom_padding_phone=\u00bb20px|20px|20px|20px|true|true\u00bb custom_padding_last_edited=\u00bboff|desktop\u00bb global_colors_info=\u00bb{%22gcid-7cadd8b3-5228-48e4-90c4-212d09232f7b%22:%91%22color%22%93}\u00bb][et_pb_blurb title=\u00bbCURSO MERCANCIAS PELIGROSAS\u00bb image=\u00bbhttps:\/\/lacontestana.com\/wp-content\/uploads\/2026\/04\/curso-mercancias-peligrosas-420&#215;280-1.jpg\u00bb icon_alignment=\u00bbcenter\u00bb _builder_version=\u00bb4.27.6&#8243; _module_preset=\u00bb203c76fc-aee0-4484-9be1-f0e2ebd81a8f\u00bb header_font=\u00bbSyne|Syne_weight|||||||\u00bb header_text_color=\u00bbgcid-primary-color\u00bb header_font_size=\u00bb24px\u00bb body_font=\u00bbInter|Inter_weight|||||||\u00bb body_link_text_color=\u00bb#03045e\u00bb custom_margin=\u00bb||337px|||\u00bb locked=\u00bboff\u00bb global_colors_info=\u00bb{%22gcid-body-color%22:%91%22body_text_color%22%93,%22gcid-primary-color%22:%91%22body_link_text_color%22,%22icon_color%22,%22header_text_color%22%93,%22#03045e%22:%91%22icon_color%22%93}\u00bb]<\/p>\n<p><span>Centro autorizado para impartir cursos ADR, (B\u00e1sicos, Cisternas, Explosivos y Radioactivos). \u00danica en L\u2019Alcoia y El Comtat en todas sus modalidades.<\/span><\/p>\n<p>[\/et_pb_blurb][et_pb_button button_text=\u00bb \u00a1Pide las informaci\u00f3n aqu\u00ed!\u00bb _builder_version=\u00bb4.27.6&#8243; _module_preset=\u00bb1bffc0fc-42a0-49d1-bd9a-ae3ade2d7206&#8243; button_bg_color=\u00bb#03045e\u00bb button_font=\u00bbInter|700|||||||\u00bb button_icon=\u00bb&#xf05a;||fa||900&#8243; locked=\u00bboff\u00bb global_colors_info=\u00bb{%22gcid-36fd78a7-34bc-404d-873c-dafa34efaae5%22:%91%22button_text_color%22%93}\u00bb][\/et_pb_button][\/et_pb_column][\/et_pb_row][et_pb_row column_structure=\u00bb1_3,1_3,1_3&#8243; _builder_version=\u00bb4.27.5&#8243; _module_preset=\u00bb5138c454-be54-4233-bd3b-f8e6a8747976&#8243; max_width=\u00bb2560px\u00bb global_colors_info=\u00bb{}\u00bb][et_pb_column type=\u00bb1_3&#8243; _builder_version=\u00bb4.24.3&#8243; _module_preset=\u00bb50607da8-57bc-4d4b-aaef-f02e41c2cc4a\u00bb background_color=\u00bb#ffffff\u00bb custom_padding_phone=\u00bb20px|20px|20px|20px|true|true\u00bb custom_padding_last_edited=\u00bboff|desktop\u00bb global_colors_info=\u00bb{%22gcid-7cadd8b3-5228-48e4-90c4-212d09232f7b%22:%91%22color%22%93}\u00bb][et_pb_blurb title=\u00bbCERTIFICADO DE APTITUD PROFESIONAL\u00bb image=\u00bbhttps:\/\/lacontestana.com\/wp-content\/uploads\/2026\/04\/certificado-de-aptitudes-profesionales-420&#215;280-1.jpg\u00bb icon_alignment=\u00bbcenter\u00bb _builder_version=\u00bb4.27.6&#8243; _module_preset=\u00bb203c76fc-aee0-4484-9be1-f0e2ebd81a8f\u00bb header_font=\u00bbSyne|Syne_weight|||||||\u00bb header_text_color=\u00bbgcid-primary-color\u00bb header_font_size=\u00bb24px\u00bb body_font=\u00bbInter|Inter_weight|||||||\u00bb body_link_text_color=\u00bb#03045e\u00bb custom_margin=\u00bb||162px|||\u00bb locked=\u00bboff\u00bb global_colors_info=\u00bb{%22gcid-body-color%22:%91%22body_text_color%22%93,%22gcid-primary-color%22:%91%22body_link_text_color%22,%22icon_color%22,%22header_text_color%22%93,%22#03045e%22:%91%22icon_color%22%93}\u00bb]<\/p>\n<p>Ofrecemos la posibilidad de que todos los conductores profesionales, tanto en la zona de mercanc\u00edas, como en la de viajeros obtengan su Certificado de Aptitud Profesional (C.A.P.) en todas sus modalidades.<\/p>\n<ul>\n<li>C.A.P. Inicial \u2013 140 horas<\/li>\n<li>C.A.P. Continuo \u2013 35 horas<\/li>\n<li>C.A.P. Ampliaci\u00f3n \u2013 35 horas<\/li>\n<\/ul>\n<p>[\/et_pb_blurb][et_pb_button button_text=\u00bb \u00a1Pide las informaci\u00f3n aqu\u00ed!\u00bb _builder_version=\u00bb4.27.6&#8243; _module_preset=\u00bb1bffc0fc-42a0-49d1-bd9a-ae3ade2d7206&#8243; button_bg_color=\u00bb#03045e\u00bb button_font=\u00bbInter|700|||||||\u00bb button_icon=\u00bb&#xf05a;||fa||900&#8243; locked=\u00bboff\u00bb global_colors_info=\u00bb{%22gcid-36fd78a7-34bc-404d-873c-dafa34efaae5%22:%91%22button_text_color%22%93}\u00bb][\/et_pb_button][\/et_pb_column][et_pb_column type=\u00bb1_3&#8243; _builder_version=\u00bb4.24.3&#8243; _module_preset=\u00bb50607da8-57bc-4d4b-aaef-f02e41c2cc4a\u00bb background_color=\u00bb#ffffff\u00bb custom_padding_phone=\u00bb20px|20px|20px|20px|true|true\u00bb custom_padding_last_edited=\u00bboff|desktop\u00bb global_colors_info=\u00bb{%22gcid-7cadd8b3-5228-48e4-90c4-212d09232f7b%22:%91%22color%22%93}\u00bb][et_pb_blurb title=\u00bbCURSO PERMISO A\u00bb image=\u00bbhttps:\/\/lacontestana.com\/wp-content\/uploads\/2026\/04\/cursos-de-permisos-a-420&#215;280-1.jpg\u00bb icon_alignment=\u00bbcenter\u00bb _builder_version=\u00bb4.27.6&#8243; _module_preset=\u00bb203c76fc-aee0-4484-9be1-f0e2ebd81a8f\u00bb header_font=\u00bbSyne|Syne_weight|||||||\u00bb header_text_color=\u00bbgcid-primary-color\u00bb header_font_size=\u00bb24px\u00bb body_font=\u00bbInter|Inter_weight|||||||\u00bb body_link_text_color=\u00bb#03045e\u00bb custom_margin=\u00bb||207px|||\u00bb locked=\u00bboff\u00bb global_colors_info=\u00bb{%22gcid-body-color%22:%91%22body_text_color%22%93,%22gcid-primary-color%22:%91%22body_link_text_color%22,%22icon_color%22,%22header_text_color%22%93,%22#03045e%22:%91%22icon_color%22%93}\u00bb]<\/p>\n<p>La obtenci\u00f3n del Permiso A autoriza a conducir motos de cualquier cilindrada y potencia despu\u00e9s de realizar un curso de formaci\u00f3n te\u00f3rico-pr\u00e1ctico de 9 horas. \u00a0Previamente hay que acreditar una experiencia m\u00ednima de 2 a\u00f1os con el permiso intermedio A2 que se instaur\u00f3 en 2009.<\/p>\n<p>[\/et_pb_blurb][et_pb_button button_text=\u00bb \u00a1Pide las informaci\u00f3n aqu\u00ed!\u00bb _builder_version=\u00bb4.27.6&#8243; _module_preset=\u00bb1bffc0fc-42a0-49d1-bd9a-ae3ade2d7206&#8243; button_bg_color=\u00bb#03045e\u00bb button_font=\u00bbInter|700|||||||\u00bb button_icon=\u00bb&#xf05a;||fa||900&#8243; locked=\u00bboff\u00bb global_colors_info=\u00bb{%22gcid-36fd78a7-34bc-404d-873c-dafa34efaae5%22:%91%22button_text_color%22%93}\u00bb][\/et_pb_button][\/et_pb_column][et_pb_column type=\u00bb1_3&#8243; _builder_version=\u00bb4.24.3&#8243; _module_preset=\u00bb50607da8-57bc-4d4b-aaef-f02e41c2cc4a\u00bb background_color=\u00bb#ffffff\u00bb custom_padding_phone=\u00bb20px|20px|20px|20px|true|true\u00bb custom_padding_last_edited=\u00bboff|desktop\u00bb global_colors_info=\u00bb{%22gcid-7cadd8b3-5228-48e4-90c4-212d09232f7b%22:%91%22color%22%93}\u00bb][et_pb_blurb title=\u00bbCurso Manipulador de Alimentos\u00bb image=\u00bbhttps:\/\/lacontestana.com\/wp-content\/uploads\/2026\/04\/3-c9847d77-fdba-4ea4-83f2-96b8385cb5fb-512&#215;512.jpg\u00bb image_icon_width=\u00bb52%\u00bb icon_alignment=\u00bbcenter\u00bb _builder_version=\u00bb4.27.6&#8243; _module_preset=\u00bb203c76fc-aee0-4484-9be1-f0e2ebd81a8f\u00bb header_font=\u00bbSyne|Syne_weight||on|||||\u00bb header_text_color=\u00bbgcid-primary-color\u00bb header_font_size=\u00bb24px\u00bb body_font=\u00bbInter|Inter_weight|||||||\u00bb body_text_color=\u00bb#000000&#8243; body_link_text_color=\u00bb#03045e\u00bb custom_margin=\u00bb||188px|||\u00bb locked=\u00bboff\u00bb global_colors_info=\u00bb{%22gcid-heading-color%22:%91%22header_text_color%22%93,%22gcid-primary-color%22:%91%22body_link_text_color%22,%22icon_color%22,%22body_link_text_color%22,%22icon_color%22,%22header_text_color%22%93,%22#03045e%22:%91%22icon_color%22%93}\u00bb]<\/p>\n<p>Formaci\u00f3n de Manipulador de Alimentos de Alto Riesgo y Multisectorial.<\/p>\n<p>Clases en directo con profesor cualificado, online: contacta con nosotros.<\/p>\n<p>APPCC, la Ley de Informaci\u00f3n Alimentaria 2026 y COVID-19.<\/p>\n<p>[\/et_pb_blurb][et_pb_button button_text=\u00bb \u00a1Pide las informaci\u00f3n aqu\u00ed!\u00bb _builder_version=\u00bb4.27.6&#8243; _module_preset=\u00bb1bffc0fc-42a0-49d1-bd9a-ae3ade2d7206&#8243; button_bg_color=\u00bb#03045e\u00bb button_font=\u00bbInter|700|||||||\u00bb button_icon=\u00bb&#xf05a;||fa||900&#8243; locked=\u00bboff\u00bb global_colors_info=\u00bb{%22gcid-36fd78a7-34bc-404d-873c-dafa34efaae5%22:%91%22button_text_color%22%93}\u00bb][\/et_pb_button][\/et_pb_column][\/et_pb_row][et_pb_row _builder_version=\u00bb4.24.3&#8243; _module_preset=\u00bbc9cfaba2-2263-4f35-8227-8d16ca8bd1cc\u00bb custom_margin=\u00bb60px||||false|false\u00bb locked=\u00bboff\u00bb global_colors_info=\u00bb{}\u00bb][et_pb_column type=\u00bb4_4&#8243; _builder_version=\u00bb4.17.3&#8243; _module_preset=\u00bb73121f80-a3ef-4484-8763-c3f18e3c56d2&#8243; global_colors_info=\u00bb{}\u00bb][et_pb_heading title=\u00bbConf\u00eda en Nosotros\u00bb _builder_version=\u00bb4.24.2&#8243; _module_preset=\u00bbc33f07d9-41e0-421a-8799-5799df695cce\u00bb title_text_align=\u00bbcenter\u00bb locked=\u00bboff\u00bb global_colors_info=\u00bb{}\u00bb][\/et_pb_heading][et_pb_text _builder_version=\u00bb4.24.3&#8243; _module_preset=\u00bb2c55a9c4-feed-423b-9edb-ae0b5b365cac\u00bb text_orientation=\u00bbcenter\u00bb global_colors_info=\u00bb{}\u00bb]<\/p>\n<p>\u00danete a nuestra comunidad de conductores exitosos y comienza tu camino con nosotros.<\/p>\n<p>[\/et_pb_text][et_pb_contact_form captcha=\u00bboff\u00bb title=\u00bbTe llamamos! \u00bb success_message=\u00bbGracias por contactar con nosotros.\u00bb submit_button_text=\u00bbEnviar\u00bb _builder_version=\u00bb4.27.6&#8243; _module_preset=\u00bb347de7c5-8eec-4fb2-89ad-e07c220a4ead\u00bb _unique_id=\u00bb44dbb30d-fb7b-4fd1-8be9-5724ac732280&#8243; form_field_text_color=\u00bb#000000&#8243; title_text_color=\u00bb#000000&#8243; custom_margin=\u00bb8px||||false|false\u00bb hover_enabled=\u00bb0&#8243; border_color_all=\u00bbgcid-primary-color\u00bb locked=\u00bboff\u00bb global_colors_info=\u00bb{%22gcid-828accbb-1ed2-407d-95be-20ab4e191566%22:%91%22border_color_all%22,%22border_color_all%22%93,%22gcid-primary-color%22:%91%22button_bg_color%22,%22border_color_all%22,%22button_bg_color%22%93,%22gcid-body-color%22:%91%22form_field_text_color%22,%22form_field_text_color%22,%22form_field_text_color%22%93,%22gcid-heading-color%22:%91%22title_text_color%22,%22title_text_color%22,%22title_text_color%22,%22title_text_color%22,%22title_text_color%22,%22title_text_color%22,%22title_text_color%22,%22title_text_color%22%93}\u00bb email=\u00bbinfo@lacontestana.com\u00bb use_redirect=\u00bbon\u00bb redirect_url=\u00bbhttps:\/\/lacontestana.com\/\u00bb sticky_enabled=\u00bb0&#8243;][et_pb_contact_field field_id=\u00bbEmail\u00bb field_title=\u00bbCorreo\u00bb field_type=\u00bbemail\u00bb fullwidth_field=\u00bbon\u00bb _builder_version=\u00bb4.27.6&#8243; _module_preset=\u00bbdefault\u00bb global_colors_info=\u00bb{}\u00bb button_text_size__hover_enabled=\u00bboff\u00bb button_one_text_size__hover_enabled=\u00bboff\u00bb button_two_text_size__hover_enabled=\u00bboff\u00bb button_text_color__hover_enabled=\u00bboff\u00bb button_one_text_color__hover_enabled=\u00bboff\u00bb button_two_text_color__hover_enabled=\u00bboff\u00bb button_border_width__hover_enabled=\u00bboff\u00bb button_one_border_width__hover_enabled=\u00bboff\u00bb button_two_border_width__hover_enabled=\u00bboff\u00bb button_border_color__hover_enabled=\u00bboff\u00bb button_one_border_color__hover_enabled=\u00bboff\u00bb button_two_border_color__hover_enabled=\u00bboff\u00bb button_border_radius__hover_enabled=\u00bboff\u00bb button_one_border_radius__hover_enabled=\u00bboff\u00bb button_two_border_radius__hover_enabled=\u00bboff\u00bb button_letter_spacing__hover_enabled=\u00bboff\u00bb button_one_letter_spacing__hover_enabled=\u00bboff\u00bb button_two_letter_spacing__hover_enabled=\u00bboff\u00bb button_bg_color__hover_enabled=\u00bboff\u00bb button_one_bg_color__hover_enabled=\u00bboff\u00bb button_two_bg_color__hover_enabled=\u00bboff\u00bb][\/et_pb_contact_field][et_pb_contact_field field_id=\u00bbNombre\u00bb field_title=\u00bbNombre\u00bb fullwidth_field=\u00bbon\u00bb _builder_version=\u00bb4.27.6&#8243; _module_preset=\u00bbdefault\u00bb global_colors_info=\u00bb{}\u00bb button_text_size__hover_enabled=\u00bboff\u00bb button_one_text_size__hover_enabled=\u00bboff\u00bb button_two_text_size__hover_enabled=\u00bboff\u00bb button_text_color__hover_enabled=\u00bboff\u00bb button_one_text_color__hover_enabled=\u00bboff\u00bb button_two_text_color__hover_enabled=\u00bboff\u00bb button_border_width__hover_enabled=\u00bboff\u00bb button_one_border_width__hover_enabled=\u00bboff\u00bb button_two_border_width__hover_enabled=\u00bboff\u00bb button_border_color__hover_enabled=\u00bboff\u00bb button_one_border_color__hover_enabled=\u00bboff\u00bb button_two_border_color__hover_enabled=\u00bboff\u00bb button_border_radius__hover_enabled=\u00bboff\u00bb button_one_border_radius__hover_enabled=\u00bboff\u00bb button_two_border_radius__hover_enabled=\u00bboff\u00bb button_letter_spacing__hover_enabled=\u00bboff\u00bb button_one_letter_spacing__hover_enabled=\u00bboff\u00bb button_two_letter_spacing__hover_enabled=\u00bboff\u00bb button_bg_color__hover_enabled=\u00bboff\u00bb button_one_bg_color__hover_enabled=\u00bboff\u00bb button_two_bg_color__hover_enabled=\u00bboff\u00bb][\/et_pb_contact_field][et_pb_contact_field field_id=\u00bbInteres\u00bb field_title=\u00bbEscoge el servicio interesado\u00bb field_type=\u00bbselect\u00bb select_options=\u00bb%91{%22value%22:%22Permisos Motocicletas%22,%22checked%22:0,%22dragID%22:-1},{%22value%22:%22Permisos para Turismos%22,%22checked%22:0,%22dragID%22:0},{%22value%22:%22Permisos Profesionales%22,%22checked%22:0,%22dragID%22:1},{%22value%22:%22Transporte de Pasajeros%22,%22checked%22:0,%22dragID%22:2},{%22value%22:%22Cursos subvencionados %22,%22checked%22:0,%22dragID%22:3}%93&#8243; fullwidth_field=\u00bbon\u00bb _builder_version=\u00bb4.27.6&#8243; _module_preset=\u00bbdefault\u00bb global_colors_info=\u00bb{}\u00bb][\/et_pb_contact_field][et_pb_contact_field field_id=\u00bbMensaje\u00bb field_title=\u00bbMensaje\u00bb field_type=\u00bbtext\u00bb required_mark=\u00bboff\u00bb fullwidth_field=\u00bbon\u00bb _builder_version=\u00bb4.27.6&#8243; _module_preset=\u00bbdefault\u00bb form_field_background_color=\u00bb#FFFFFF\u00bb global_colors_info=\u00bb{}\u00bb][\/et_pb_contact_field][\/et_pb_contact_form][\/et_pb_column][\/et_pb_row][et_pb_row _builder_version=\u00bb4.27.6&#8243; _module_preset=\u00bbdefault\u00bb global_colors_info=\u00bb{}\u00bb][et_pb_column type=\u00bb4_4&#8243; _builder_version=\u00bb4.27.6&#8243; _module_preset=\u00bbdefault\u00bb global_colors_info=\u00bb{}\u00bb][et_pb_code _builder_version=\u00bb4.27.6&#8243; _module_preset=\u00bbdefault\u00bb global_colors_info=\u00bb{}\u00bb]<pre class=\"ti-widget\" style=\"display: none\"><template id=\"trustindex-google-widget-html\"><div class=\" ti-widget  ti-goog ti-review-text-mode-readmore ti-text-align-left\" data-no-translation=\"true\" data-time-locale=\"hace %d %s|hoy|d\u00eda|d\u00edas|semana|semanas|mes|meses|a\u00f1o|a\u00f1os\" data-plugin-version=\"13.2.9\" data-layout-id=\"5\" data-layout-category=\"slider\" data-set-id=\"dark-background\" data-pid=\"\" data-language=\"es\" data-close-locale=\"Cerca\" data-review-target-width=\"275\" data-css-version=\"2\" data-reply-by-locale=\"Respuesta del propietario\" data-only-rating-locale=\"Esta usuario solo dej\u00f3 una calificaci\u00f3n.\" data-pager-autoplay-timeout=\"6\"> <div class=\"ti-widget-container ti-col-4\"> <div class=\"ti-footer ti-footer-grid source-Google\"> <div class=\"ti-fade-container\"> <div class=\"ti-rating-text\"> <strong class=\"ti-rating ti-rating-large\"> EXCELENTE <\/strong> <\/div> <span class=\"ti-stars star-lg\"><trustindex-image class=\"ti-star\" data-imgurl=\"https:\/\/cdn.trustindex.io\/assets\/platform\/Google\/star\/f.svg\" alt=\"Google star 1\" width=\"17\" height=\"17\" loading=\"lazy\"><\/trustindex-image><trustindex-image class=\"ti-star\" data-imgurl=\"https:\/\/cdn.trustindex.io\/assets\/platform\/Google\/star\/f.svg\" alt=\"Google star 2\" width=\"17\" height=\"17\" loading=\"lazy\"><\/trustindex-image><trustindex-image class=\"ti-star\" data-imgurl=\"https:\/\/cdn.trustindex.io\/assets\/platform\/Google\/star\/f.svg\" alt=\"Google star 3\" width=\"17\" height=\"17\" loading=\"lazy\"><\/trustindex-image><trustindex-image class=\"ti-star\" data-imgurl=\"https:\/\/cdn.trustindex.io\/assets\/platform\/Google\/star\/f.svg\" alt=\"Google star 4\" width=\"17\" height=\"17\" loading=\"lazy\"><\/trustindex-image><trustindex-image class=\"ti-star\" data-imgurl=\"https:\/\/cdn.trustindex.io\/assets\/platform\/Google\/star\/f.svg\" alt=\"Google star 5\" width=\"17\" height=\"17\" loading=\"lazy\"><\/trustindex-image><\/span> <div class=\"ti-rating-text\"> <span class=\"nowrap\">A base de <strong>21 rese\u00f1as<\/strong><\/span> <\/div> <div class=\"ti-large-logo\"> <div class=\"ti-v-center\"> <trustindex-image class=\"ti-logo-fb\" data-imgurl=\"https:\/\/cdn.trustindex.io\/assets\/platform\/Google\/logo.svg\" width=\"150\" height=\"25\" loading=\"lazy\" alt=\"Google\"><\/trustindex-image> <\/div> <\/div> <\/div> <\/div> <div class=\"ti-reviews-container\"> <div class=\"ti-controls\"> <div class=\"ti-next\" aria-label=\"Siguiente rese\u00f1a\" role=\"button\" tabindex=\"0\"><\/div> <div class=\"ti-prev\" aria-label=\"Rese\u00f1a anterior\" role=\"button\" tabindex=\"0\"><\/div> <\/div> <div class=\"ti-reviews-container-wrapper\">  <div data-empty=\"0\" data-time=\"1772668800\" class=\"ti-review-item source-Google ti-image-layout-thumbnail\" data-id=\"cfcd208495d565ef66e7dff9f98764da\"> <div class=\"ti-inner\"> <div class=\"ti-review-header\"> <div class=\"ti-platform-icon ti-with-tooltip\"> <span class=\"ti-tooltip\">Publicado en <\/span> <trustindex-image data-imgurl=\"https:\/\/cdn.trustindex.io\/assets\/platform\/Google\/icon.svg\" alt=\"\" width=\"20\" height=\"20\" loading=\"lazy\"><\/trustindex-image> <\/div> <div class=\"ti-profile-img\"> <trustindex-image data-imgurl=\"https:\/\/lh3.googleusercontent.com\/a-\/ALV-UjURriyPXToH_yrmAYzPW1DsAsYJtAWH5zY7_oF_q2aWcoVyXriVTA=w40-h40-c-rp-mo-ba3-br100\" alt=\"Miguel Mir\u00f3 profile picture\" loading=\"lazy\"><\/trustindex-image> <\/div> <div class=\"ti-profile-details\"> <div class=\"ti-name\"> Miguel Mir\u00f3 <\/div> <div class=\"ti-date\"><\/div> <\/div> <\/div> <span class=\"ti-stars\"><trustindex-image class=\"ti-star\" data-imgurl=\"https:\/\/cdn.trustindex.io\/assets\/platform\/Google\/star\/f.svg\" alt=\"Google star 1\" width=\"17\" height=\"17\" loading=\"lazy\"><\/trustindex-image><trustindex-image class=\"ti-star\" data-imgurl=\"https:\/\/cdn.trustindex.io\/assets\/platform\/Google\/star\/f.svg\" alt=\"Google star 2\" width=\"17\" height=\"17\" loading=\"lazy\"><\/trustindex-image><trustindex-image class=\"ti-star\" data-imgurl=\"https:\/\/cdn.trustindex.io\/assets\/platform\/Google\/star\/f.svg\" alt=\"Google star 3\" width=\"17\" height=\"17\" loading=\"lazy\"><\/trustindex-image><trustindex-image class=\"ti-star\" data-imgurl=\"https:\/\/cdn.trustindex.io\/assets\/platform\/Google\/star\/f.svg\" alt=\"Google star 4\" width=\"17\" height=\"17\" loading=\"lazy\"><\/trustindex-image><trustindex-image class=\"ti-star\" data-imgurl=\"https:\/\/cdn.trustindex.io\/assets\/platform\/Google\/star\/f.svg\" alt=\"Google star 5\" width=\"17\" height=\"17\" loading=\"lazy\"><\/trustindex-image><span class=\"ti-verified-review ti-verified-platform\"><span class=\"ti-verified-tooltip\">Trustindex verifica que la fuente original de la rese\u00f1a sea Google.<\/span><\/span><\/span> <div class=\"ti-review-text-container ti-review-content\"><!-- R-CONTENT -->Excelente autoescuela y profesores, un 10 tanto en la parte te\u00f3rica como en la pr\u00e1ctica, gracias a Ivan, Lorena, y Carlos por hacernos tan f\u00e1cil todo, para la obtenci\u00f3n de un permiso de conducci\u00f3n, en mi caso cami\u00f3n y moto. Muchas gracias chicos! \u2764\ufe0f<!-- R-CONTENT --><\/div> <span class=\"ti-read-more\" data-container=\".ti-review-content\" data-collapse-text=\"Ocultar\" data-open-text=\"Leer m\u00e1s\"><\/span> <\/div> <\/div>  <div data-empty=\"0\" data-time=\"1760313600\" class=\"ti-review-item source-Google ti-image-layout-thumbnail\" data-id=\"cfcd208495d565ef66e7dff9f98764da\"> <div class=\"ti-inner\"> <div class=\"ti-review-header\"> <div class=\"ti-platform-icon ti-with-tooltip\"> <span class=\"ti-tooltip\">Publicado en <\/span> <trustindex-image data-imgurl=\"https:\/\/cdn.trustindex.io\/assets\/platform\/Google\/icon.svg\" alt=\"\" width=\"20\" height=\"20\" loading=\"lazy\"><\/trustindex-image> <\/div> <div class=\"ti-profile-img\"> <trustindex-image data-imgurl=\"https:\/\/lh3.googleusercontent.com\/a-\/ALV-UjWDHyJaQ8tLaQ6jLaGHTvxX5PMm-CV5GQXibAfNOf7nQBDF9MJK=w40-h40-c-rp-mo-br100\" alt=\"felix garcia profile picture\" loading=\"lazy\"><\/trustindex-image> <\/div> <div class=\"ti-profile-details\"> <div class=\"ti-name\"> felix garcia <\/div> <div class=\"ti-date\"><\/div> <\/div> <\/div> <span class=\"ti-stars\"><trustindex-image class=\"ti-star\" data-imgurl=\"https:\/\/cdn.trustindex.io\/assets\/platform\/Google\/star\/f.svg\" alt=\"Google star 1\" width=\"17\" height=\"17\" loading=\"lazy\"><\/trustindex-image><trustindex-image class=\"ti-star\" data-imgurl=\"https:\/\/cdn.trustindex.io\/assets\/platform\/Google\/star\/f.svg\" alt=\"Google star 2\" width=\"17\" height=\"17\" loading=\"lazy\"><\/trustindex-image><trustindex-image class=\"ti-star\" data-imgurl=\"https:\/\/cdn.trustindex.io\/assets\/platform\/Google\/star\/f.svg\" alt=\"Google star 3\" width=\"17\" height=\"17\" loading=\"lazy\"><\/trustindex-image><trustindex-image class=\"ti-star\" data-imgurl=\"https:\/\/cdn.trustindex.io\/assets\/platform\/Google\/star\/f.svg\" alt=\"Google star 4\" width=\"17\" height=\"17\" loading=\"lazy\"><\/trustindex-image><trustindex-image class=\"ti-star\" data-imgurl=\"https:\/\/cdn.trustindex.io\/assets\/platform\/Google\/star\/f.svg\" alt=\"Google star 5\" width=\"17\" height=\"17\" loading=\"lazy\"><\/trustindex-image><span class=\"ti-verified-review ti-verified-platform\"><span class=\"ti-verified-tooltip\">Trustindex verifica que la fuente original de la rese\u00f1a sea Google.<\/span><\/span><\/span> <div class=\"ti-review-text-container ti-review-content\"><!-- R-CONTENT -->Excelente autoescuela Ivan excelente profesor y si tienes alguna duda en tu casa puedes llamar o escribirle a Lorena que sin duda te contestar\u00e1 y te ayudar\u00e1 con cualquier duda  con \u00e9tica y amabilidad \u2026 muy buenos precios a comparaci\u00f3n con otras autoescuelas a las que pregunt\u00e9.  recomendada 100% gracias por el apoyo y la ayuda autoescuela la Contestana \ud83d\ude4c\ud83c\udffb<!-- R-CONTENT --><\/div> <span class=\"ti-read-more\" data-container=\".ti-review-content\" data-collapse-text=\"Ocultar\" data-open-text=\"Leer m\u00e1s\"><\/span> <\/div> <\/div>  <div data-empty=\"0\" data-time=\"1718323200\" class=\"ti-review-item source-Google ti-image-layout-thumbnail\" data-id=\"cfcd208495d565ef66e7dff9f98764da\"> <div class=\"ti-inner\"> <div class=\"ti-review-header\"> <div class=\"ti-platform-icon ti-with-tooltip\"> <span class=\"ti-tooltip\">Publicado en <\/span> <trustindex-image data-imgurl=\"https:\/\/cdn.trustindex.io\/assets\/platform\/Google\/icon.svg\" alt=\"\" width=\"20\" height=\"20\" loading=\"lazy\"><\/trustindex-image> <\/div> <div class=\"ti-profile-img\"> <trustindex-image data-imgurl=\"https:\/\/lh3.googleusercontent.com\/a-\/ALV-UjVa8JAifCZEzt52vBTdCuW38XktFUr5DigRXljcu_Srz1nBuYyU=w40-h40-c-rp-mo-br100\" alt=\"Liban Sarria profile picture\" loading=\"lazy\"><\/trustindex-image> <\/div> <div class=\"ti-profile-details\"> <div class=\"ti-name\"> Liban Sarria <\/div> <div class=\"ti-date\"><\/div> <\/div> <\/div> <span class=\"ti-stars\"><trustindex-image class=\"ti-star\" data-imgurl=\"https:\/\/cdn.trustindex.io\/assets\/platform\/Google\/star\/f.svg\" alt=\"Google star 1\" width=\"17\" height=\"17\" loading=\"lazy\"><\/trustindex-image><trustindex-image class=\"ti-star\" data-imgurl=\"https:\/\/cdn.trustindex.io\/assets\/platform\/Google\/star\/f.svg\" alt=\"Google star 2\" width=\"17\" height=\"17\" loading=\"lazy\"><\/trustindex-image><trustindex-image class=\"ti-star\" data-imgurl=\"https:\/\/cdn.trustindex.io\/assets\/platform\/Google\/star\/f.svg\" alt=\"Google star 3\" width=\"17\" height=\"17\" loading=\"lazy\"><\/trustindex-image><trustindex-image class=\"ti-star\" data-imgurl=\"https:\/\/cdn.trustindex.io\/assets\/platform\/Google\/star\/f.svg\" alt=\"Google star 4\" width=\"17\" height=\"17\" loading=\"lazy\"><\/trustindex-image><trustindex-image class=\"ti-star\" data-imgurl=\"https:\/\/cdn.trustindex.io\/assets\/platform\/Google\/star\/f.svg\" alt=\"Google star 5\" width=\"17\" height=\"17\" loading=\"lazy\"><\/trustindex-image><span class=\"ti-verified-review ti-verified-platform\"><span class=\"ti-verified-tooltip\">Trustindex verifica que la fuente original de la rese\u00f1a sea Google.<\/span><\/span><\/span> <div class=\"ti-review-text-container ti-review-content\"><!-- R-CONTENT -->Si est\u00e1s seguro de lo que quieres, pues este es el lugar exacto para llegar a la meta. Si quieres no me creas, pero no lo olvides.<!-- R-CONTENT --><\/div> <span class=\"ti-read-more\" data-container=\".ti-review-content\" data-collapse-text=\"Ocultar\" data-open-text=\"Leer m\u00e1s\"><\/span> <\/div> <\/div>  <div data-empty=\"0\" data-time=\"1699056000\" class=\"ti-review-item source-Google ti-image-layout-thumbnail\" data-id=\"cfcd208495d565ef66e7dff9f98764da\"> <div class=\"ti-inner\"> <div class=\"ti-review-header\"> <div class=\"ti-platform-icon ti-with-tooltip\"> <span class=\"ti-tooltip\">Publicado en <\/span> <trustindex-image data-imgurl=\"https:\/\/cdn.trustindex.io\/assets\/platform\/Google\/icon.svg\" alt=\"\" width=\"20\" height=\"20\" loading=\"lazy\"><\/trustindex-image> <\/div> <div class=\"ti-profile-img\"> <trustindex-image data-imgurl=\"https:\/\/lh3.googleusercontent.com\/a-\/ALV-UjWjbPq1K-Nhvzd_yFaFwIyspDWd3EeRW5X-vQxZs5ewg-uUIoDKZQ=w40-h40-c-rp-mo-ba2-br100\" alt=\"Gabriela Abraham profile picture\" loading=\"lazy\"><\/trustindex-image> <\/div> <div class=\"ti-profile-details\"> <div class=\"ti-name\"> Gabriela Abraham <\/div> <div class=\"ti-date\"><\/div> <\/div> <\/div> <span class=\"ti-stars\"><trustindex-image class=\"ti-star\" data-imgurl=\"https:\/\/cdn.trustindex.io\/assets\/platform\/Google\/star\/f.svg\" alt=\"Google star 1\" width=\"17\" height=\"17\" loading=\"lazy\"><\/trustindex-image><trustindex-image class=\"ti-star\" data-imgurl=\"https:\/\/cdn.trustindex.io\/assets\/platform\/Google\/star\/f.svg\" alt=\"Google star 2\" width=\"17\" height=\"17\" loading=\"lazy\"><\/trustindex-image><trustindex-image class=\"ti-star\" data-imgurl=\"https:\/\/cdn.trustindex.io\/assets\/platform\/Google\/star\/f.svg\" alt=\"Google star 3\" width=\"17\" height=\"17\" loading=\"lazy\"><\/trustindex-image><trustindex-image class=\"ti-star\" data-imgurl=\"https:\/\/cdn.trustindex.io\/assets\/platform\/Google\/star\/f.svg\" alt=\"Google star 4\" width=\"17\" height=\"17\" loading=\"lazy\"><\/trustindex-image><trustindex-image class=\"ti-star\" data-imgurl=\"https:\/\/cdn.trustindex.io\/assets\/platform\/Google\/star\/f.svg\" alt=\"Google star 5\" width=\"17\" height=\"17\" loading=\"lazy\"><\/trustindex-image><span class=\"ti-verified-review ti-verified-platform\"><span class=\"ti-verified-tooltip\">Trustindex verifica que la fuente original de la rese\u00f1a sea Google.<\/span><\/span><\/span> <div class=\"ti-review-text-container ti-review-content\"><!-- R-CONTENT -->Em van donar tot el suport i les eines per a traure'm el carnet de cotxe. Soc mexicana i el meu carnet no est\u00e0 convalidat . A m\u00e9s sempre havia condu\u00eft un cotxe autom\u00e0tic. Tenia molta por i em van ajudar a superar-la. El servei es excel\u00b7lent. Moltes gr\u00e0cies, Ivan, Lorena i B\u00e1rbara.<!-- R-CONTENT --><\/div> <span class=\"ti-read-more\" data-container=\".ti-review-content\" data-collapse-text=\"Ocultar\" data-open-text=\"Leer m\u00e1s\"><\/span> <\/div> <\/div>  <div data-empty=\"0\" data-time=\"1698192000\" class=\"ti-review-item source-Google ti-image-layout-thumbnail\" data-id=\"cfcd208495d565ef66e7dff9f98764da\"> <div class=\"ti-inner\"> <div class=\"ti-review-header\"> <div class=\"ti-platform-icon ti-with-tooltip\"> <span class=\"ti-tooltip\">Publicado en <\/span> <trustindex-image data-imgurl=\"https:\/\/cdn.trustindex.io\/assets\/platform\/Google\/icon.svg\" alt=\"\" width=\"20\" height=\"20\" loading=\"lazy\"><\/trustindex-image> <\/div> <div class=\"ti-profile-img\"> <trustindex-image data-imgurl=\"https:\/\/lh3.googleusercontent.com\/a-\/ALV-UjUA7ZxxokLDHm_9fgoyIJBM-nZ631t0Q_c1HrTg-yuGfZI4tLZa=w40-h40-c-rp-mo-ba4-br100\" alt=\"Rafa Giner profile picture\" loading=\"lazy\"><\/trustindex-image> <\/div> <div class=\"ti-profile-details\"> <div class=\"ti-name\"> Rafa Giner <\/div> <div class=\"ti-date\"><\/div> <\/div> <\/div> <span class=\"ti-stars\"><trustindex-image class=\"ti-star\" data-imgurl=\"https:\/\/cdn.trustindex.io\/assets\/platform\/Google\/star\/f.svg\" alt=\"Google star 1\" width=\"17\" height=\"17\" loading=\"lazy\"><\/trustindex-image><trustindex-image class=\"ti-star\" data-imgurl=\"https:\/\/cdn.trustindex.io\/assets\/platform\/Google\/star\/f.svg\" alt=\"Google star 2\" width=\"17\" height=\"17\" loading=\"lazy\"><\/trustindex-image><trustindex-image class=\"ti-star\" data-imgurl=\"https:\/\/cdn.trustindex.io\/assets\/platform\/Google\/star\/f.svg\" alt=\"Google star 3\" width=\"17\" height=\"17\" loading=\"lazy\"><\/trustindex-image><trustindex-image class=\"ti-star\" data-imgurl=\"https:\/\/cdn.trustindex.io\/assets\/platform\/Google\/star\/f.svg\" alt=\"Google star 4\" width=\"17\" height=\"17\" loading=\"lazy\"><\/trustindex-image><trustindex-image class=\"ti-star\" data-imgurl=\"https:\/\/cdn.trustindex.io\/assets\/platform\/Google\/star\/f.svg\" alt=\"Google star 5\" width=\"17\" height=\"17\" loading=\"lazy\"><\/trustindex-image><span class=\"ti-verified-review ti-verified-platform\"><span class=\"ti-verified-tooltip\">Trustindex verifica que la fuente original de la rese\u00f1a sea Google.<\/span><\/span><\/span> <div class=\"ti-review-text-container ti-review-content\"><!-- R-CONTENT -->Una excelente autoescuela, la utilice yo y ahora mi hijo muy pero muy recomendable, la, atenci\u00f3n es personalizada<!-- R-CONTENT --><\/div> <span class=\"ti-read-more\" data-container=\".ti-review-content\" data-collapse-text=\"Ocultar\" data-open-text=\"Leer m\u00e1s\"><\/span> <\/div> <\/div>  <div data-empty=\"0\" data-time=\"1696291200\" class=\"ti-review-item source-Google ti-image-layout-thumbnail\" data-id=\"cfcd208495d565ef66e7dff9f98764da\"> <div class=\"ti-inner\"> <div class=\"ti-review-header\"> <div class=\"ti-platform-icon ti-with-tooltip\"> <span class=\"ti-tooltip\">Publicado en <\/span> <trustindex-image data-imgurl=\"https:\/\/cdn.trustindex.io\/assets\/platform\/Google\/icon.svg\" alt=\"\" width=\"20\" height=\"20\" loading=\"lazy\"><\/trustindex-image> <\/div> <div class=\"ti-profile-img\"> <trustindex-image data-imgurl=\"https:\/\/lh3.googleusercontent.com\/a-\/ALV-UjWKr81owFft4zixCjDYptR5B9H9DB9HLllVlghoyD1oDPkiikrv=w40-h40-c-rp-mo-br100\" alt=\"Joan batiste benavente miralles profile picture\" loading=\"lazy\"><\/trustindex-image> <\/div> <div class=\"ti-profile-details\"> <div class=\"ti-name\"> Joan batiste benavente miralles <\/div> <div class=\"ti-date\"><\/div> <\/div> <\/div> <span class=\"ti-stars\"><trustindex-image class=\"ti-star\" data-imgurl=\"https:\/\/cdn.trustindex.io\/assets\/platform\/Google\/star\/f.svg\" alt=\"Google star 1\" width=\"17\" height=\"17\" loading=\"lazy\"><\/trustindex-image><trustindex-image class=\"ti-star\" data-imgurl=\"https:\/\/cdn.trustindex.io\/assets\/platform\/Google\/star\/e.svg\" alt=\"Google star 2\" width=\"17\" height=\"17\" loading=\"lazy\"><\/trustindex-image><trustindex-image class=\"ti-star\" data-imgurl=\"https:\/\/cdn.trustindex.io\/assets\/platform\/Google\/star\/e.svg\" alt=\"Google star 3\" width=\"17\" height=\"17\" loading=\"lazy\"><\/trustindex-image><trustindex-image class=\"ti-star\" data-imgurl=\"https:\/\/cdn.trustindex.io\/assets\/platform\/Google\/star\/e.svg\" alt=\"Google star 4\" width=\"17\" height=\"17\" loading=\"lazy\"><\/trustindex-image><trustindex-image class=\"ti-star\" data-imgurl=\"https:\/\/cdn.trustindex.io\/assets\/platform\/Google\/star\/e.svg\" alt=\"Google star 5\" width=\"17\" height=\"17\" loading=\"lazy\"><\/trustindex-image><span class=\"ti-verified-review ti-verified-platform\"><span class=\"ti-verified-tooltip\">Trustindex verifica que la fuente original de la rese\u00f1a sea Google.<\/span><\/span><\/span> <div class=\"ti-review-text-container ti-review-content\"><!-- R-CONTENT -->No recomendable sin ninguna duda, por decirle a el maestro que no ten\u00eda comprensi\u00f3n al darme la clase, se cabreo (a\u00fan que ya lo estaba previamente por falta de mi buena conducci\u00f3n) no me quiso coger para m\u00e1s practicas y no me he podido presentar para examen, no soy la \u00fanica persona que conozco con circunstancias parecidas, si t\u00fa intenci\u00f3n es sacar tu carnet estando seguro de lo que haces, mi respuesta es no acudas a esta a autoescuela.<!-- R-CONTENT --><\/div> <span class=\"ti-read-more\" data-container=\".ti-review-content\" data-collapse-text=\"Ocultar\" data-open-text=\"Leer m\u00e1s\"><\/span> <\/div> <\/div>  <\/div> <div class=\"ti-controls-line\"> <div class=\"dot\"><\/div> <\/div>   <\/div> <\/div> <\/div> <\/template><\/pre><div data-src=\"https:\/\/cdn.trustindex.io\/loader.js?wp-widget\" data-template-id=\"trustindex-google-widget-html\" data-css-url=\"https:\/\/lacontestana.com\/wp-content\/uploads\/trustindex-google-widget.css?1775553187\"><\/div>[\/et_pb_code][\/et_pb_column][\/et_pb_row][\/et_pb_section][et_pb_section fb_built=\u00bb1&#8243; admin_label=\u00bbFeatures\u00bb _builder_version=\u00bb4.27.6&#8243; _module_preset=\u00bbdefault\u00bb animation_style=\u00bbslide\u00bb animation_direction=\u00bbright\u00bb locked=\u00bboff\u00bb collapsed=\u00bbon\u00bb global_colors_info=\u00bb{}\u00bb][et_pb_row _builder_version=\u00bb4.17.6&#8243; _module_preset=\u00bb5138c454-be54-4233-bd3b-f8e6a8747976&#8243; global_colors_info=\u00bb{}\u00bb][et_pb_column type=\u00bb4_4&#8243; _builder_version=\u00bb4.17.3&#8243; _module_preset=\u00bb73121f80-a3ef-4484-8763-c3f18e3c56d2&#8243; global_colors_info=\u00bb{}\u00bb][et_pb_heading title=\u00bbPermisos y Cursos Ofrecidos\u00bb _builder_version=\u00bb4.24.3&#8243; _module_preset=\u00bbc33f07d9-41e0-421a-8799-5799df695cce\u00bb title_text_align=\u00bbcenter\u00bb locked=\u00bboff\u00bb global_colors_info=\u00bb{}\u00bb][\/et_pb_heading][\/et_pb_column][\/et_pb_row][et_pb_row column_structure=\u00bb1_4,1_4,1_4,1_4&#8243; custom_padding_last_edited=\u00bbon|tablet\u00bb _builder_version=\u00bb4.27.5&#8243; _module_preset=\u00bb5138c454-be54-4233-bd3b-f8e6a8747976&#8243; width=\u00bb95%\u00bb max_width=\u00bb2560px\u00bb custom_padding_tablet=\u00bb||0px||false|false\u00bb custom_padding_phone=\u00bb||0px||false|false\u00bb locked=\u00bboff\u00bb global_colors_info=\u00bb{}\u00bb][et_pb_column type=\u00bb1_4&#8243; _builder_version=\u00bb4.18.0&#8243; _module_preset=\u00bb73121f80-a3ef-4484-8763-c3f18e3c56d2&#8243; global_colors_info=\u00bb{}\u00bb][et_pb_blurb title=\u00bbMotocicletas\u00bb use_icon=\u00bbon\u00bb font_icon=\u00bb&#xf21c;||fa||900&#8243; icon_alignment=\u00bbcenter\u00bb _builder_version=\u00bb4.27.5&#8243; _module_preset=\u00bb212b201d-2c34-41bd-936c-851b7357d08b\u00bb header_font=\u00bbSyne|Syne_weight|||||||\u00bb body_font=\u00bbInter|Inter_weight|||||||\u00bb body_link_text_color=\u00bb#03045e\u00bb background_mask_style=\u00bbcorner-square\u00bb text_orientation=\u00bbcenter\u00bb custom_margin=\u00bb||37px|||\u00bb locked=\u00bboff\u00bb global_colors_info=\u00bb{%22gcid-primary-color%22:%91%22body_link_text_color%22,%22icon_color%22%93,%22gcid-heading-color%22:%91%22header_text_color%22%93,%22gcid-body-color%22:%91%22body_text_color%22%93,%22#3c3a47%22:%91%22body_text_color%22,%22body_text_color%22%93,%22#0e0c19%22:%91%22header_text_color%22,%22header_text_color%22%93}\u00bb]<\/p>\n<h2 class=\"elementor-heading-title elementor-size-default\">Permisos Motocicletas<\/h2>\n<p>Si buscas moverte con agilidad y sin l\u00edmites, nuestros cursos de motocicleta son tu pasaporte al asfalto.<\/p>\n<p>[\/et_pb_blurb][et_pb_toggle title=\u00bbAM\u00bb toggle_icon=\u00bb&#x43;||divi||400&#8243; icon_font_size=\u00bb27px\u00bb _builder_version=\u00bb4.27.5&#8243; _module_preset=\u00bbdefault\u00bb custom_margin=\u00bb||3px|||\u00bb global_colors_info=\u00bb{}\u00bb toggle_icon__hover_enabled=\u00bboff|desktop\u00bb]<\/p>\n<div class=\"elementor-element elementor-element-0924c42 elementor-widget elementor-widget-heading\" data-id=\"0924c42\" data-element_type=\"widget\" data-widget_type=\"heading.default\">\n<div class=\"elementor-widget-container\">Para ciclomotores de hasta 49cc a partir 15 a\u00f1os.<\/div>\n<\/div>\n<p>[\/et_pb_toggle][et_pb_toggle title=\u00bbA1&#8243; toggle_icon=\u00bb&#x43;||divi||400&#8243; icon_font_size=\u00bb27px\u00bb _builder_version=\u00bb4.27.5&#8243; _module_preset=\u00bbdefault\u00bb custom_margin=\u00bb12px||13px|||\u00bb global_colors_info=\u00bb{}\u00bb]<\/p>\n<div class=\"elementor-element elementor-element-0924c42 elementor-widget elementor-widget-heading\" data-id=\"0924c42\" data-element_type=\"widget\" data-widget_type=\"heading.default\">\n<div class=\"elementor-widget-container\">\n<h2 class=\"elementor-heading-title elementor-size-default\"><span style=\"font-size: 16px; color: #3c3a47; font-family: 'Encode Sans', serif;\">Conduce motocicletas de hasta 125cc a partir de 16 a\u00f1os<\/span><\/h2>\n<\/div>\n<\/div>\n<p>[\/et_pb_toggle][et_pb_toggle title=\u00bbA2&#8243; toggle_icon=\u00bb&#x43;||divi||400&#8243; icon_font_size=\u00bb27px\u00bb _builder_version=\u00bb4.27.5&#8243; _module_preset=\u00bbdefault\u00bb custom_margin=\u00bb||12px|||\u00bb global_colors_info=\u00bb{}\u00bb]<\/p>\n<div class=\"elementor-element elementor-element-0924c42 elementor-widget elementor-widget-heading\" data-id=\"0924c42\" data-element_type=\"widget\" data-widget_type=\"heading.default\">\n<div class=\"elementor-widget-container\"><\/div>\n<\/div>\n<div class=\"elementor-element elementor-element-990a450 elementor-widget elementor-widget-text-editor\" data-id=\"990a450\" data-element_type=\"widget\" data-widget_type=\"text-editor.default\">\n<div class=\"elementor-widget-container\">\n<p><span>Para motocicletas de hasta 35KW (47 CV) a partir de 18 a\u00f1os<\/span><\/p>\n<\/div>\n<\/div>\n<p>[\/et_pb_toggle][et_pb_toggle title=\u00bbA\u00bb toggle_icon=\u00bb&#x43;||divi||400&#8243; icon_font_size=\u00bb27px\u00bb _builder_version=\u00bb4.27.5&#8243; _module_preset=\u00bbdefault\u00bb custom_margin=\u00bb||13px|||\u00bb global_colors_info=\u00bb{}\u00bb]<\/p>\n<p><span>Motocicletas y triciclos de motor<\/span><\/p>\n<p>[\/et_pb_toggle][\/et_pb_column][et_pb_column type=\u00bb1_4&#8243; _builder_version=\u00bb4.18.0&#8243; _module_preset=\u00bb73121f80-a3ef-4484-8763-c3f18e3c56d2&#8243; global_colors_info=\u00bb{}\u00bb][et_pb_blurb title=\u00bbTurismos\u00bb use_icon=\u00bbon\u00bb font_icon=\u00bb&#xf5e4;||fa||900&#8243; icon_alignment=\u00bbcenter\u00bb _builder_version=\u00bb4.27.5&#8243; _module_preset=\u00bb212b201d-2c34-41bd-936c-851b7357d08b\u00bb header_font=\u00bbSyne|Syne_weight|||||||\u00bb body_font=\u00bbInter|Inter_weight|||||||\u00bb body_link_text_color=\u00bb#03045e\u00bb background_mask_style=\u00bbcorner-square\u00bb text_orientation=\u00bbcenter\u00bb custom_margin=\u00bb||25px|||\u00bb locked=\u00bboff\u00bb global_colors_info=\u00bb{%22gcid-primary-color%22:%91%22body_link_text_color%22,%22icon_color%22%93,%22gcid-heading-color%22:%91%22header_text_color%22%93,%22gcid-body-color%22:%91%22body_text_color%22%93,%22#3c3a47%22:%91%22body_text_color%22,%22body_text_color%22%93,%22#0e0c19%22:%91%22header_text_color%22,%22header_text_color%22%93}\u00bb]<\/p>\n<div class=\"elementor-element elementor-element-d294075 elementor-widget elementor-widget-heading\" data-id=\"d294075\" data-element_type=\"widget\" data-widget_type=\"heading.default\">\n<div class=\"elementor-widget-container\">\n<h2 class=\"elementor-heading-title elementor-size-default\">Permisos para Turismos<\/h2>\n<\/div>\n<\/div>\n<div class=\"elementor-element elementor-element-78b4cbe elementor-widget elementor-widget-text-editor\" data-id=\"78b4cbe\" data-element_type=\"widget\" data-widget_type=\"text-editor.default\">\n<div class=\"elementor-widget-container\">\n<p>\u00bfEstas listo para tu primera experiencia al volante o necesitas ampliar tus habilidades?<\/p>\n<\/div>\n<\/div>\n<p>[\/et_pb_blurb][et_pb_toggle title=\u00bbB\u00bb toggle_icon=\u00bb&#x43;||divi||400&#8243; icon_font_size=\u00bb27px\u00bb _builder_version=\u00bb4.27.5&#8243; _module_preset=\u00bbdefault\u00bb custom_margin=\u00bb37px||12px|||\u00bb global_colors_info=\u00bb{}\u00bb]<\/p>\n<div class=\"elementor-element elementor-element-0924c42 elementor-widget elementor-widget-heading\" data-id=\"0924c42\" data-element_type=\"widget\" data-widget_type=\"heading.default\">\n<div class=\"elementor-widget-container\">\n<p class=\"elementor-heading-title elementor-size-default\"><span>El permiso m\u00e1s com\u00fan, ideal para turismos de hasta 3.500kg, a partir de 18 a\u00f1os<\/span><\/p>\n<\/div>\n<\/div>\n<p>[\/et_pb_toggle][et_pb_toggle title=\u00bbB96&#8243; toggle_icon=\u00bb&#x43;||divi||400&#8243; icon_font_size=\u00bb27px\u00bb _builder_version=\u00bb4.27.5&#8243; _module_preset=\u00bbdefault\u00bb custom_margin=\u00bb13px||14px|||\u00bb global_colors_info=\u00bb{}\u00bb]<\/p>\n<p><span>Turismos con remolque de +750 siempre que la M.M.A del conjunto NO supere 4250 kg.<\/span><\/p>\n<p>[\/et_pb_toggle][et_pb_toggle title=\u00bbB+E\u00bb toggle_icon=\u00bb&#x43;||divi||400&#8243; icon_font_size=\u00bb27px\u00bb _builder_version=\u00bb4.27.5&#8243; _module_preset=\u00bbdefault\u00bb custom_margin=\u00bb6px||13px|||\u00bb global_colors_info=\u00bb{}\u00bb]<\/p>\n<p><span>Permite conducir veh\u00edculos con remolques sin peso especifico<\/span><\/p>\n<p>[\/et_pb_toggle][et_pb_toggle title=\u00bbBTP\u00bb toggle_icon=\u00bb&#x43;||divi||400&#8243; icon_font_size=\u00bb27px\u00bb _builder_version=\u00bb4.27.5&#8243; _module_preset=\u00bbdefault\u00bb custom_margin=\u00bb6px||13px|||\u00bb global_colors_info=\u00bb{}\u00bb]<\/p>\n<p><span>Veh\u00edculos de transporte p\u00fablico y prioritario<\/span><\/p>\n<p>[\/et_pb_toggle][\/et_pb_column][et_pb_column type=\u00bb1_4&#8243; _builder_version=\u00bb4.18.0&#8243; _module_preset=\u00bb73121f80-a3ef-4484-8763-c3f18e3c56d2&#8243; global_colors_info=\u00bb{}\u00bb][et_pb_blurb title=\u00bbCamiones\u00bb use_icon=\u00bbon\u00bb font_icon=\u00bb&#xf0d1;||fa||900&#8243; icon_alignment=\u00bbcenter\u00bb _builder_version=\u00bb4.27.5&#8243; _module_preset=\u00bb212b201d-2c34-41bd-936c-851b7357d08b\u00bb header_font=\u00bbSyne|Syne_weight|||||||\u00bb body_font=\u00bbInter|Inter_weight|||||||\u00bb body_link_text_color=\u00bb#03045e\u00bb background_mask_style=\u00bbcorner-square\u00bb text_orientation=\u00bbcenter\u00bb custom_margin=\u00bb||37px|||\u00bb locked=\u00bboff\u00bb global_colors_info=\u00bb{%22gcid-primary-color%22:%91%22body_link_text_color%22,%22icon_color%22%93,%22gcid-heading-color%22:%91%22header_text_color%22%93,%22gcid-body-color%22:%91%22body_text_color%22%93,%22#3c3a47%22:%91%22body_text_color%22,%22body_text_color%22%93,%22#0e0c19%22:%91%22header_text_color%22,%22header_text_color%22%93}\u00bb]<\/p>\n<div class=\"elementor-element elementor-element-9419ca9 elementor-widget elementor-widget-heading\" data-id=\"9419ca9\" data-element_type=\"widget\" data-widget_type=\"heading.default\">\n<div class=\"elementor-widget-container\">\n<h2 class=\"elementor-heading-title elementor-size-default\">Permisos Profesionales<\/h2>\n<\/div>\n<\/div>\n<div class=\"elementor-element elementor-element-52579f0 elementor-widget elementor-widget-text-editor\" data-id=\"52579f0\" data-element_type=\"widget\" data-widget_type=\"text-editor.default\">\n<div class=\"elementor-widget-container\">\n<p>Impulsa tu carrera profesional en el sector del transporte con nuestros permisos especializados de cami\u00f3n.<\/p>\n<\/div>\n<\/div>\n<p>[\/et_pb_blurb][et_pb_toggle title=\u00bbC\u00bb toggle_icon=\u00bb&#x43;||divi||400&#8243; icon_font_size=\u00bb27px\u00bb _builder_version=\u00bb4.27.5&#8243; _module_preset=\u00bbdefault\u00bb custom_margin=\u00bb||3px|||\u00bb global_colors_info=\u00bb{}\u00bb toggle_icon__hover_enabled=\u00bboff|desktop\u00bb]<\/p>\n<div class=\"elementor-element elementor-element-0924c42 elementor-widget elementor-widget-heading\" data-id=\"0924c42\" data-element_type=\"widget\" data-widget_type=\"heading.default\">\n<div class=\"elementor-widget-container\"><span>Camiones sin l\u00edmite de peso + remolques ligeros<\/span><\/div>\n<\/div>\n<p>[\/et_pb_toggle][et_pb_toggle title=\u00bbC1&#8243; toggle_icon=\u00bb&#x43;||divi||400&#8243; icon_font_size=\u00bb27px\u00bb _builder_version=\u00bb4.27.5&#8243; _module_preset=\u00bbdefault\u00bb custom_margin=\u00bb12px||13px|||\u00bb global_colors_info=\u00bb{}\u00bb]<\/p>\n<p><span>Camiones hasta 7500kg mma + remolque ligero<\/span><\/p>\n<p>[\/et_pb_toggle][et_pb_toggle title=\u00bbC1E\u00bb toggle_icon=\u00bb&#x43;||divi||400&#8243; icon_font_size=\u00bb27px\u00bb _builder_version=\u00bb4.27.5&#8243; _module_preset=\u00bbdefault\u00bb custom_margin=\u00bb12px||13px|||\u00bb global_colors_info=\u00bb{}\u00bb]<\/p>\n<p><span>Camiones hasta 7500kg mma + remolque no ligero sin que el conjunto supere las 12t<\/span><\/p>\n<p>[\/et_pb_toggle][et_pb_toggle title=\u00bbC+E\u00bb toggle_icon=\u00bb&#x43;||divi||400&#8243; icon_font_size=\u00bb27px\u00bb _builder_version=\u00bb4.27.5&#8243; _module_preset=\u00bbdefault\u00bb custom_margin=\u00bb12px||13px|||\u00bb global_colors_info=\u00bb{}\u00bb]<\/p>\n<p><span>Conjunto de veh\u00edculos compuesto por veh\u00edculo autorizado en la clase C + remolque de +750kg<\/span><\/p>\n<p>[\/et_pb_toggle][\/et_pb_column][et_pb_column type=\u00bb1_4&#8243; _builder_version=\u00bb4.18.0&#8243; _module_preset=\u00bb73121f80-a3ef-4484-8763-c3f18e3c56d2&#8243; global_colors_info=\u00bb{}\u00bb][et_pb_blurb title=\u00bbAutobuses\u00bb use_icon=\u00bbon\u00bb font_icon=\u00bb&#xf207;||fa||900&#8243; icon_alignment=\u00bbcenter\u00bb _builder_version=\u00bb4.27.5&#8243; _module_preset=\u00bb212b201d-2c34-41bd-936c-851b7357d08b\u00bb header_font=\u00bbSyne|Syne_weight|||||||\u00bb body_font=\u00bbInter|Inter_weight|||||||\u00bb body_link_text_color=\u00bb#03045e\u00bb background_mask_style=\u00bbcorner-square\u00bb text_orientation=\u00bbcenter\u00bb custom_margin=\u00bb||37px|||\u00bb locked=\u00bboff\u00bb global_colors_info=\u00bb{%22gcid-primary-color%22:%91%22body_link_text_color%22,%22icon_color%22%93,%22gcid-heading-color%22:%91%22header_text_color%22%93,%22gcid-body-color%22:%91%22body_text_color%22%93,%22#3c3a47%22:%91%22body_text_color%22,%22body_text_color%22%93,%22#0e0c19%22:%91%22header_text_color%22,%22header_text_color%22%93}\u00bb]<\/p>\n<div class=\"elementor-element elementor-element-46ad378 elementor-widget elementor-widget-heading\" data-id=\"46ad378\" data-element_type=\"widget\" data-widget_type=\"heading.default\">\n<div class=\"elementor-widget-container\">\n<h2 class=\"elementor-heading-title elementor-size-default\">Transporte de Pasajeros<\/h2>\n<\/div>\n<\/div>\n<div class=\"elementor-element elementor-element-ac88ef4 elementor-widget elementor-widget-text-editor\" data-id=\"ac88ef4\" data-element_type=\"widget\" data-widget_type=\"text-editor.default\">\n<div class=\"elementor-widget-container\">\n<p>Si tu vocaci\u00f3n es el transporte de pasajeros y buscas una carrera estable, nuestros permisos para autobuses son la mejor opci\u00f3n.<\/p>\n<\/div>\n<\/div>\n<p>[\/et_pb_blurb][et_pb_toggle title=\u00bbD\u00bb toggle_icon=\u00bb&#x43;||divi||400&#8243; icon_font_size=\u00bb27px\u00bb _builder_version=\u00bb4.27.5&#8243; _module_preset=\u00bbdefault\u00bb custom_margin=\u00bb||3px|||\u00bb global_colors_info=\u00bb{}\u00bb toggle_icon__hover_enabled=\u00bboff|desktop\u00bb]<\/p>\n<p><span>Autob\u00fas sin limite de plazas con remolque ligero<\/span><\/p>\n<p>[\/et_pb_toggle][et_pb_toggle title=\u00bbD1&#8243; toggle_icon=\u00bb&#x43;||divi||400&#8243; icon_font_size=\u00bb27px\u00bb _builder_version=\u00bb4.27.5&#8243; _module_preset=\u00bbdefault\u00bb custom_margin=\u00bb12px||13px|||\u00bb global_colors_info=\u00bb{}\u00bb]<\/p>\n<p><span>Autob\u00fas hasta 17 plazas Con remolque ligero<\/span><\/p>\n<p>[\/et_pb_toggle][et_pb_toggle title=\u00bbD1E\u00bb toggle_icon=\u00bb&#x43;||divi||400&#8243; icon_font_size=\u00bb27px\u00bb _builder_version=\u00bb4.27.5&#8243; _module_preset=\u00bbdefault\u00bb custom_margin=\u00bb-2px||13px|||\u00bb global_colors_info=\u00bb{}\u00bb]<\/p>\n<p><span>Conjunto de veh\u00edculos compuesto por veh\u00edculo autorizado en la clase D1 +remolque de +750kg<\/span><\/p>\n<p>[\/et_pb_toggle][et_pb_toggle title=\u00bbD+E\u00bb toggle_icon=\u00bb&#x43;||divi||400&#8243; icon_font_size=\u00bb27px\u00bb _builder_version=\u00bb4.27.5&#8243; _module_preset=\u00bbdefault\u00bb custom_margin=\u00bb12px||13px|||\u00bb global_colors_info=\u00bb{}\u00bb]<\/p>\n<p><span>Conjunto de veh\u00edculos compuesto por veh\u00edculo autorizado en la clase D + remolque de +750kg<\/span><\/p>\n<p>[\/et_pb_toggle][\/et_pb_column][\/et_pb_row][et_pb_row _builder_version=\u00bb4.27.5&#8243; _module_preset=\u00bbdefault\u00bb global_colors_info=\u00bb{}\u00bb][et_pb_column type=\u00bb4_4&#8243; _builder_version=\u00bb4.27.5&#8243; _module_preset=\u00bbdefault\u00bb global_colors_info=\u00bb{}\u00bb][et_pb_button button_url=\u00bbhttps:\/\/lacontestana.com\/permisos\/\u00bb button_text=\u00bbMas informacion\u00bb button_alignment=\u00bbcenter\u00bb _builder_version=\u00bb4.27.6&#8243; _module_preset=\u00bbdefault\u00bb global_colors_info=\u00bb{}\u00bb][\/et_pb_button][\/et_pb_column][\/et_pb_row][\/et_pb_section][et_pb_section fb_built=\u00bb1&#8243; admin_label=\u00bbCall to Action\u00bb _builder_version=\u00bb4.24.2&#8243; _module_preset=\u00bbdefault\u00bb background_color=\u00bbgcid-primary-color\u00bb use_background_color_gradient=\u00bbon\u00bb background_color_gradient_direction=\u00bb65deg\u00bb background_color_gradient_stops=\u00bb#000000 0%|rgba(255,255,255,0) 100%\u00bb background_color_gradient_overlays_image=\u00bbon\u00bb background_enable_image=\u00bboff\u00bb custom_padding=\u00bb5vw||5vw||true|false\u00bb locked=\u00bboff\u00bb collapsed=\u00bbon\u00bb global_colors_info=\u00bb{%22gcid-primary-color%22:%91%22background_color%22%93}\u00bb][et_pb_row _builder_version=\u00bb4.18.0&#8243; _module_preset=\u00bb5138c454-be54-4233-bd3b-f8e6a8747976&#8243; global_colors_info=\u00bb{}\u00bb][et_pb_column type=\u00bb4_4&#8243; _builder_version=\u00bb4.18.0&#8243; _module_preset=\u00bb73121f80-a3ef-4484-8763-c3f18e3c56d2&#8243; global_colors_info=\u00bb{}\u00bb][et_pb_cta title=\u00bbReserva tu Plaza Ahora\u00bb button_url=\u00bb#\u00bb button_text=\u00bbInscribirse\u00bb _builder_version=\u00bb4.23.1&#8243; _module_preset=\u00bb4c2ad5d0-871e-414e-a4be-aa9134d4ae8e\u00bb custom_padding=\u00bb60px|60px|60px|60px|true|true\u00bb custom_padding_tablet=\u00bb30px|30px|30px|30px|true|true\u00bb custom_padding_phone=\u00bb20px|20px|20px|20px|true|true\u00bb custom_padding_last_edited=\u00bbon|desktop\u00bb locked=\u00bboff\u00bb global_colors_info=\u00bb{%22gcid-f2943306-fa6c-45f0-b632-5fc00151366a%22:%91%22button_text_color%22%93,%22gcid-36fd78a7-34bc-404d-873c-dafa34efaae5%22:%91%22button_text_color%22,%22color%22,%22background_color%22%93,%22gcid-7cadd8b3-5228-48e4-90c4-212d09232f7b%22:%91%22color%22,%22color%22,%22color%22,%22color%22%93,%22gcid-f113ad93-2527-46d7-862b-fc71181c6b5e%22:%91%22border_color_all%22,%22border_color_all%22%93}\u00bb text_font_size_tablet=\u00bb16px\u00bb text_font_size_phone=\u00bb14px\u00bb text_font_size_last_edited=\u00bbon|phone\u00bb]<\/p>\n<p>No esperes m\u00e1s para comenzar tu camino hacia la independencia al volante. Con nuestros cursos personalizados y horarios flexibles, \u00a1tu \u00e9xito est\u00e1 garantizado! Reserva tu plaza hoy y da el primer paso hacia tu futuro.<\/p>\n<p>[\/et_pb_cta][\/et_pb_column][\/et_pb_row][\/et_pb_section]<\/p>\n","protected":false},"excerpt":{"rendered":"<p>Con m\u00e1s de 30 a\u00f1os de experiencia, te ofrecemos una formaci\u00f3n de calidad para que obtengas tu permiso de conducir de manera segura y eficiente.En La Contestana, ofrecemos cursos subvencionados para empresas a trav\u00e9s de FUNDAE o mediante los cr\u00e9ditos formativos de las empresas. Estos cursos est\u00e1n dise\u00f1ados para mejorar las habilidades de tu equipo, [&hellip;]<\/p>\n","protected":false},"author":1,"featured_media":0,"parent":0,"menu_order":0,"comment_status":"closed","ping_status":"closed","template":"","meta":{"_et_pb_use_builder":"on","_et_pb_old_content":"","_et_gb_content_width":"","footnotes":""},"class_list":["post-13","page","type-page","status-publish","hentry"],"_links":{"self":[{"href":"https:\/\/lacontestana.com\/ar\/wp-json\/wp\/v2\/pages\/13","targetHints":{"allow":["GET"]}}],"collection":[{"href":"https:\/\/lacontestana.com\/ar\/wp-json\/wp\/v2\/pages"}],"about":[{"href":"https:\/\/lacontestana.com\/ar\/wp-json\/wp\/v2\/types\/page"}],"author":[{"embeddable":true,"href":"https:\/\/lacontestana.com\/ar\/wp-json\/wp\/v2\/users\/1"}],"replies":[{"embeddable":true,"href":"https:\/\/lacontestana.com\/ar\/wp-json\/wp\/v2\/comments?post=13"}],"version-history":[{"count":7,"href":"https:\/\/lacontestana.com\/ar\/wp-json\/wp\/v2\/pages\/13\/revisions"}],"predecessor-version":[{"id":400,"href":"https:\/\/lacontestana.com\/ar\/wp-json\/wp\/v2\/pages\/13\/revisions\/400"}],"wp:attachment":[{"href":"https:\/\/lacontestana.com\/ar\/wp-json\/wp\/v2\/media?parent=13"}],"curies":[{"name":"wp","href":"https:\/\/api.w.org\/{rel}","templated":true}]}}