{"id":427,"date":"2026-04-28T15:41:01","date_gmt":"2026-04-28T15:41:01","guid":{"rendered":"https:\/\/lacontestana.com\/?page_id=427"},"modified":"2026-04-28T15:41:03","modified_gmt":"2026-04-28T15:41:03","slug":"aviso-legal","status":"publish","type":"page","link":"http:\/\/lacontestana.com\/es_es\/aviso-legal\/","title":{"rendered":"Aviso Legal"},"content":{"rendered":"\n<p>Este portal, cuyo titular es IV\u00c1N GONZ\u00c1LEZ OLIVARES con NIF: 21.678.235-E domicilio en AVDA. PA\u00cdS VALENCI\u00c1 N\u00ba 119, BAJO. C.P- 03820 &#8211; COCENTAINA &#8211; ALICANTE, tel\u00e9fono 966-33.74.54 y con email: info@lacontestana.com<\/p>\n\n\n\n<p>-Propiedad intelectual e industrial<\/p>\n\n\n\n<p>El dise\u00f1o del portal y sus c\u00f3digos fuente, as\u00ed como los logos, marcas y dem\u00e1s signos distintivos que aparecen en el mismo pertenecen a IV\u00c1N GONZ\u00c1LEZ OLIVARES y est\u00e1n protegidos por los correspondientes derechos de propiedad intelectual e industrial.<\/p>\n\n\n\n<p>-Responsabilidad de los contenidos<\/p>\n\n\n\n<p>IV\u00c1N GONZ\u00c1LEZ OLIVARES no se hace responsable de la legalidad de otros sitios web de terceros desde los que pueda accederse al portal. IV\u00c1N GONZ\u00c1LEZ OLIVARES tampoco responde por la legalidad de otros sitios web de terceros, que pudieran estar vinculados o enlazados desde este portal. IV\u00c1N GONZ\u00c1LEZ OLIVARESse reserva el derecho a realizar cambios en el sitio web sin previo aviso, al objeto de mantener actualizada su informaci\u00f3n, a\u00f1adiendo, modificando, corrigiendo o eliminando los contenidos publicados o el dise\u00f1o del portal. IV\u00c1N GONZ\u00c1LEZ OLIVARES no ser\u00e1 responsable del uso que terceros hagan de la informaci\u00f3n publicada en el portal, ni tampoco de los da\u00f1os sufridos o p\u00e9rdidas econ\u00f3micas que, de forma directa o indirecta, produzcan o puedan producir perjuicios econ\u00f3micos, materiales o sobre datos, provocados por el uso de dicha informaci\u00f3n.<\/p>\n\n\n\n<p>-Reproducci\u00f3n de contenidos<\/p>\n\n\n\n<p>Se proh\u00edbe la reproducci\u00f3n total o parcial de los contenidos publicados en el portal a excepci\u00f3n de los contenidos que sean considerados como datos abiertos en la Sede Electr\u00f3nica, publicados seg\u00fan lo previsto en el Real Decreto 1495\/2011, de 24 de octubre.<\/p>\n\n\n\n<p>-Ley aplicable<\/p>\n\n\n\n<p>La ley aplicable en caso de disputa o conflicto de interpretaci\u00f3n de los t\u00e9rminos que conforman este aviso legal, as\u00ed como cualquier cuesti\u00f3n relacionada con los servicios del presente portal, ser\u00e1 la ley espa\u00f1ola.<\/p>\n","protected":false},"excerpt":{"rendered":"<p>Este portal, cuyo titular es IV\u00c1N GONZ\u00c1LEZ OLIVARES con NIF: 21.678.235-E domicilio en AVDA. PA\u00cdS VALENCI\u00c1 N\u00ba 119, BAJO. C.P- 03820 &#8211; COCENTAINA &#8211; ALICANTE, tel\u00e9fono 966-33.74.54 y con email: info@lacontestana.com -Propiedad intelectual e industrial El dise\u00f1o del portal y sus c\u00f3digos fuente, as\u00ed como los logos, marcas y dem\u00e1s signos distintivos que aparecen en [&hellip;]<\/p>\n","protected":false},"author":1,"featured_media":0,"parent":0,"menu_order":0,"comment_status":"closed","ping_status":"closed","template":"","meta":{"_et_pb_use_builder":"off","_et_pb_old_content":"","_et_gb_content_width":"","footnotes":""},"class_list":["post-427","page","type-page","status-publish","hentry"],"_links":{"self":[{"href":"http:\/\/lacontestana.com\/es_es\/wp-json\/wp\/v2\/pages\/427","targetHints":{"allow":["GET"]}}],"collection":[{"href":"http:\/\/lacontestana.com\/es_es\/wp-json\/wp\/v2\/pages"}],"about":[{"href":"http:\/\/lacontestana.com\/es_es\/wp-json\/wp\/v2\/types\/page"}],"author":[{"embeddable":true,"href":"http:\/\/lacontestana.com\/es_es\/wp-json\/wp\/v2\/users\/1"}],"replies":[{"embeddable":true,"href":"http:\/\/lacontestana.com\/es_es\/wp-json\/wp\/v2\/comments?post=427"}],"version-history":[{"count":1,"href":"http:\/\/lacontestana.com\/es_es\/wp-json\/wp\/v2\/pages\/427\/revisions"}],"predecessor-version":[{"id":428,"href":"http:\/\/lacontestana.com\/es_es\/wp-json\/wp\/v2\/pages\/427\/revisions\/428"}],"wp:attachment":[{"href":"http:\/\/lacontestana.com\/es_es\/wp-json\/wp\/v2\/media?parent=427"}],"curies":[{"name":"wp","href":"https:\/\/api.w.org\/{rel}","templated":true}]}}